{"id":9,"date":"2016-09-22T11:29:44","date_gmt":"2016-09-22T11:29:44","guid":{"rendered":"http:\/\/prom.home.pl\/autoinstalator\/wordpress3\/?page_id=9"},"modified":"2016-10-18T10:04:15","modified_gmt":"2016-10-18T09:04:15","slug":"kultura","status":"publish","type":"page","link":"https:\/\/fleschmazowsza.com.pl\/?page_id=9","title":{"rendered":"Kultura"},"content":{"rendered":"\n<!-- NOTE: If you need to make changes to this file, copy it to your current theme's main\n\tdirectory so your changes won't be overwritten when the plugin is upgraded. -->\n\n<!-- Post Wrap Start-->\n<div class=\"post hentry ivycat-post\">\n\n\t<!-- \tThis outputs the post TITLE -->\n\t<h2 class=\"entry-title\"><a href=\"https:\/\/fleschmazowsza.com.pl\/?p=5095\">Dla ka\u017cdego\u2026 moc atrakcji<\/a><\/h2>\n\n\t<!-- \tThis outputs the post EXCERPT.  To display full content including images and html,\n\t\treplace the_excerpt(); with the_content();  below. -->\n\t<div class=\"entry-summary\">\n\t\t<p>W tym roku Dni Pruszkowa odb\u0119d\u0105 si\u0119 3 oraz 4 czerwca na skwerze ZTL i rozpoczn\u0105 si\u0119 od Pruszkowskiego Dnia Folkloru. B\u0119dzie to ju\u017c 25 raz gdy mieszka\u0144cy b\u0119d\u0105 obchodzi\u0107 Dni Pruszkowa. Jak co roku \u015bwi\u0119towanie b\u0119dzie pe\u0142ne atrakcji dla ka\u017cdego, nie zale\u017cnie od wieku. Dla uczestnik\u00f3w imprezy dost\u0119pne b\u0119d\u0105 mi\u0119dzy innymi stoiska: Muzeum Staro\u017cytnego [&hellip;]<\/p>\n\t<\/div>\n\n\t<!--\tThis outputs the post META information -->\n\t<div class=\"entry-utility\">\n\t\t\t\t\t<span class=\"cat-links\">\n\t\t\t\t<span class=\"entry-utility-prep entry-utility-prep-cat-links\">Posted in<\/span> <a href=\"https:\/\/fleschmazowsza.com.pl\/?cat=6\" rel=\"category\">Kultura<\/a>\t\t\t<\/span>\n\t\t\t<span class=\"meta-sep\">|<\/span>\n\t\t\t\t\t\t<span class=\"comments-link\">\n\t\t\t<a href=\"https:\/\/fleschmazowsza.com.pl\/?p=5095#respond\">Leave a comment<\/a>\t\t<\/span>\n\t\t\t<\/div>\n<\/div>\n<!-- \/\/ Post Wrap End -->\n\n<!-- NOTE: If you need to make changes to this file, copy it to your current theme's main\n\tdirectory so your changes won't be overwritten when the plugin is upgraded. -->\n\n<!-- Post Wrap Start-->\n<div class=\"post hentry ivycat-post\">\n\n\t<!-- \tThis outputs the post TITLE -->\n\t<h2 class=\"entry-title\"><a href=\"https:\/\/fleschmazowsza.com.pl\/?p=5068\">Wielkanoc inaczej<\/a><\/h2>\n\n\t<!-- \tThis outputs the post EXCERPT.  To display full content including images and html,\n\t\treplace the_excerpt(); with the_content();  below. -->\n\t<div class=\"entry-summary\">\n\t\t<p>\u015awi\u0119ta Wielkiej Nocy tu\u017c tu\u017c. Ka\u017cdy przygotowuje si\u0119 wedle swoich rodzinnych i regionalnych tradycji. Malowanie jajek, \u015bwi\u0119cenie koszyczka i polewanie si\u0119 wod\u0105 to jedne z najcz\u0119\u015bciej stosowanych zwyczaj\u00f3w. A jak to jest w innych regionach Polski? Pucheroki to zwyczaj wywodz\u0105cy si\u0119 z okolic Krakowa. Polega na wyg\u0142aszaniu oracji (najcz\u0119\u015bciej \u017cartobliwych) przez m\u0142odych ch\u0142opc\u00f3w w Niedziel\u0119 [&hellip;]<\/p>\n\t<\/div>\n\n\t<!--\tThis outputs the post META information -->\n\t<div class=\"entry-utility\">\n\t\t\t\t\t<span class=\"cat-links\">\n\t\t\t\t<span class=\"entry-utility-prep entry-utility-prep-cat-links\">Posted in<\/span> <a href=\"https:\/\/fleschmazowsza.com.pl\/?cat=6\" rel=\"category\">Kultura<\/a>\t\t\t<\/span>\n\t\t\t<span class=\"meta-sep\">|<\/span>\n\t\t\t\t\t\t<span class=\"comments-link\">\n\t\t\t<a href=\"https:\/\/fleschmazowsza.com.pl\/?p=5068#respond\">Leave a comment<\/a>\t\t<\/span>\n\t\t\t<\/div>\n<\/div>\n<!-- \/\/ Post Wrap End -->\n\n<!-- NOTE: If you need to make changes to this file, copy it to your current theme's main\n\tdirectory so your changes won't be overwritten when the plugin is upgraded. -->\n\n<!-- Post Wrap Start-->\n<div class=\"post hentry ivycat-post\">\n\n\t<!-- \tThis outputs the post TITLE -->\n\t<h2 class=\"entry-title\"><a href=\"https:\/\/fleschmazowsza.com.pl\/?p=4771\">Scena Letnia w Brwinowie powraca<\/a><\/h2>\n\n\t<!-- \tThis outputs the post EXCERPT.  To display full content including images and html,\n\t\treplace the_excerpt(); with the_content();  below. -->\n\t<div class=\"entry-summary\">\n\t\t<p>Stowarzyszenie Teatr na Pustej Pod\u0142odze zaprasza najm\u0142odszych w kolejne niedziele o godz. 17 \u2013 ju\u017c od 26 czerwca \u2013 na niedzielne przedstawienia teatr\u00f3w lalkowych na targowisku w Brwinowie. Wakacyjna Scena Letnia dla Dzieci im. Jadwigi Warnk\u00f3wny zadebiutowa\u0142a w ubieg\u0142ym roku. Goszcz\u0105ce w Brwinowie spektakle teatr\u00f3w lalkowych zyska\u0142y ju\u017c w\u00f3wczas swoj\u0105 wiern\u0105 widowni\u0119, wi\u0119c Stowarzyszenie na [&hellip;]<\/p>\n\t<\/div>\n\n\t<!--\tThis outputs the post META information -->\n\t<div class=\"entry-utility\">\n\t\t\t\t\t<span class=\"cat-links\">\n\t\t\t\t<span class=\"entry-utility-prep entry-utility-prep-cat-links\">Posted in<\/span> <a href=\"https:\/\/fleschmazowsza.com.pl\/?cat=6\" rel=\"category\">Kultura<\/a>\t\t\t<\/span>\n\t\t\t<span class=\"meta-sep\">|<\/span>\n\t\t\t\t\t\t<span class=\"comments-link\">\n\t\t\t<a href=\"https:\/\/fleschmazowsza.com.pl\/?p=4771#respond\">Leave a comment<\/a>\t\t<\/span>\n\t\t\t<\/div>\n<\/div>\n<!-- \/\/ Post Wrap End -->\n\n<!-- NOTE: If you need to make changes to this file, copy it to your current theme's main\n\tdirectory so your changes won't be overwritten when the plugin is upgraded. -->\n\n<!-- Post Wrap Start-->\n<div class=\"post hentry ivycat-post\">\n\n\t<!-- \tThis outputs the post TITLE -->\n\t<h2 class=\"entry-title\"><a href=\"https:\/\/fleschmazowsza.com.pl\/?p=4707\">Wypalanie traw i nieu\u017cytk\u00f3w rolnych niebezpieczne i karalne<\/a><\/h2>\n\n\t<!-- \tThis outputs the post EXCERPT.  To display full content including images and html,\n\t\treplace the_excerpt(); with the_content();  below. -->\n\t<div class=\"entry-summary\">\n\t\t<p>Mimo corocznych napomnie\u0144 Pa\u0144stwowej Stra\u017cy Po\u017carnej, Policji, Agencji Restrukturyzacji i Modernizacji Rolnictwa czy innych urz\u0119d\u00f3w, ka\u017cdej wiosny wybuchaj\u0105 po\u017cary spowodowane wypalaniem traw i nieu\u017cytk\u00f3w rolnych. S\u0105 one szkodliwe dla \u015brodowiska i stanowi\u0105 ogromne zagro\u017cenie dla \u017cycia. Tegoroczna aura, niezwykle sucha, szczeg\u00f3lnie sprzyja powstawaniu czy rozprzestrzenianiu si\u0119 po\u017car\u00f3w. W tym roku odnotowano ju\u017c ponad 20 tys. [&hellip;]<\/p>\n\t<\/div>\n\n\t<!--\tThis outputs the post META information -->\n\t<div class=\"entry-utility\">\n\t\t\t\t\t<span class=\"cat-links\">\n\t\t\t\t<span class=\"entry-utility-prep entry-utility-prep-cat-links\">Posted in<\/span> <a href=\"https:\/\/fleschmazowsza.com.pl\/?cat=9\" rel=\"category\">Edukacja<\/a>, <a href=\"https:\/\/fleschmazowsza.com.pl\/?cat=6\" rel=\"category\">Kultura<\/a>\t\t\t<\/span>\n\t\t\t<span class=\"meta-sep\">|<\/span>\n\t\t\t\t\t\t<span class=\"comments-link\">\n\t\t\t<a href=\"https:\/\/fleschmazowsza.com.pl\/?p=4707#respond\">Leave a comment<\/a>\t\t<\/span>\n\t\t\t<\/div>\n<\/div>\n<!-- \/\/ Post Wrap End -->\n\n<!-- NOTE: If you need to make changes to this file, copy it to your current theme's main\n\tdirectory so your changes won't be overwritten when the plugin is upgraded. -->\n\n<!-- Post Wrap Start-->\n<div class=\"post hentry ivycat-post\">\n\n\t<!-- \tThis outputs the post TITLE -->\n\t<h2 class=\"entry-title\"><a href=\"https:\/\/fleschmazowsza.com.pl\/?p=4567\">Sylwester w teatrze<\/a><\/h2>\n\n\t<!-- \tThis outputs the post EXCERPT.  To display full content including images and html,\n\t\treplace the_excerpt(); with the_content();  below. -->\n\t<div class=\"entry-summary\">\n\t\t<p>Dzi\u0119ki inicjatywie w\u0142adz Pruszkowa mo\u017cliwe b\u0119dzie rozpocz\u0119cie szampa\u0144skiej zabawy sylwestrowej od wizyty w teatrze. Wszystko za spraw\u0105 komedii \u201eI Love You, a teraz si\u0119 zmie\u0144\u201d, kt\u00f3ra zaplanowana jest w\u0142a\u015bnie na ostatni dzie\u0144 roku. Ch\u0119tnych kulturalnych dozna\u0144, serdecznie zapraszamy. Alternatyw\u0105 dla klasycznych spotka\u0144 ze znajomymi, bali, innych imprez tanecznych \u2013 lub ich dodatkiem \u2013 mo\u017ce by\u0107 [&hellip;]<\/p>\n\t<\/div>\n\n\t<!--\tThis outputs the post META information -->\n\t<div class=\"entry-utility\">\n\t\t\t\t\t<span class=\"cat-links\">\n\t\t\t\t<span class=\"entry-utility-prep entry-utility-prep-cat-links\">Posted in<\/span> <a href=\"https:\/\/fleschmazowsza.com.pl\/?cat=6\" rel=\"category\">Kultura<\/a>\t\t\t<\/span>\n\t\t\t<span class=\"meta-sep\">|<\/span>\n\t\t\t\t\t\t<span class=\"comments-link\">\n\t\t\t<a href=\"https:\/\/fleschmazowsza.com.pl\/?p=4567#respond\">Leave a comment<\/a>\t\t<\/span>\n\t\t\t<\/div>\n<\/div>\n<!-- \/\/ Post Wrap End -->\n\n<!-- NOTE: If you need to make changes to this file, copy it to your current theme's main\n\tdirectory so your changes won't be overwritten when the plugin is upgraded. -->\n\n<!-- Post Wrap Start-->\n<div class=\"post hentry ivycat-post\">\n\n\t<!-- \tThis outputs the post TITLE -->\n\t<h2 class=\"entry-title\"><a href=\"https:\/\/fleschmazowsza.com.pl\/?p=4430\">,,\u017bEGNAJ LATO\u201d<\/a><\/h2>\n\n\t<!-- \tThis outputs the post EXCERPT.  To display full content including images and html,\n\t\treplace the_excerpt(); with the_content();  below. -->\n\t<div class=\"entry-summary\">\n\t\t<p>W ostatni weekend sierpnia w Pruszkowie odby\u0142o si\u0119 po\u017cegnanie lata. Jest to coroczna impreza organizowana pod nazw\u0105 ,,\u017begnaj lato\u201d. Podczas tegorocznego wydarzenia dzi\u0119ki licznym atrakcjom ka\u017cdy, nie zale\u017cnie od wieku, m\u00f3g\u0142 znale\u017a\u0107 co\u015b dla siebie. W sobot\u0119 28 sierpnia od godziny 14.00 na terenie Szko\u0142y Podstawowej nr 2 przy ul. Jasnej 2 dla mieszka\u0144c\u00f3w Pruszkowa [&hellip;]<\/p>\n\t<\/div>\n\n\t<!--\tThis outputs the post META information -->\n\t<div class=\"entry-utility\">\n\t\t\t\t\t<span class=\"cat-links\">\n\t\t\t\t<span class=\"entry-utility-prep entry-utility-prep-cat-links\">Posted in<\/span> <a href=\"https:\/\/fleschmazowsza.com.pl\/?cat=6\" rel=\"category\">Kultura<\/a>\t\t\t<\/span>\n\t\t\t<span class=\"meta-sep\">|<\/span>\n\t\t\t\t\t\t<span class=\"comments-link\">\n\t\t\t<a href=\"https:\/\/fleschmazowsza.com.pl\/?p=4430#respond\">Leave a comment<\/a>\t\t<\/span>\n\t\t\t<\/div>\n<\/div>\n<!-- \/\/ Post Wrap End -->\n\n<!-- NOTE: If you need to make changes to this file, copy it to your current theme's main\n\tdirectory so your changes won't be overwritten when the plugin is upgraded. -->\n\n<!-- Post Wrap Start-->\n<div class=\"post hentry ivycat-post\">\n\n\t<!-- \tThis outputs the post TITLE -->\n\t<h2 class=\"entry-title\"><a href=\"https:\/\/fleschmazowsza.com.pl\/?p=4385\">Kupuj, spo\u017cywaj i przechowuj racjonalnie<\/a><\/h2>\n\n\t<!-- \tThis outputs the post EXCERPT.  To display full content including images and html,\n\t\treplace the_excerpt(); with the_content();  below. -->\n\t<div class=\"entry-summary\">\n\t\t<p>W wielu regionach na \u015bwiecie ludzie g\u0142oduj\u0105, a mimo to, jedzenie ci\u0105gle jest marnowane na ogromn\u0105 skal\u0119, co przyczynia si\u0119 do zanieczyszczania \u015brodowiska i degradacji zasob\u00f3w naturalnych. Jak podaje Organizacja Narod\u00f3w Zjednoczonych ds. Wy\u017cywienia i Rolnictwa na \u015bwiecie, co roku marnuje si\u0119 1,3 mld ton \u017cywno\u015bci nadaj\u0105cej si\u0119 do spo\u017cycia, co stanowi 1\/3 produkcji \u017cywno\u015bci [&hellip;]<\/p>\n\t<\/div>\n\n\t<!--\tThis outputs the post META information -->\n\t<div class=\"entry-utility\">\n\t\t\t\t\t<span class=\"cat-links\">\n\t\t\t\t<span class=\"entry-utility-prep entry-utility-prep-cat-links\">Posted in<\/span> <a href=\"https:\/\/fleschmazowsza.com.pl\/?cat=6\" rel=\"category\">Kultura<\/a>, <a href=\"https:\/\/fleschmazowsza.com.pl\/?cat=8\" rel=\"category\">R\u00f3\u017cno\u015bci<\/a>\t\t\t<\/span>\n\t\t\t<span class=\"meta-sep\">|<\/span>\n\t\t\t\t\t\t<span class=\"comments-link\">\n\t\t\t<a href=\"https:\/\/fleschmazowsza.com.pl\/?p=4385#respond\">Leave a comment<\/a>\t\t<\/span>\n\t\t\t<\/div>\n<\/div>\n<!-- \/\/ Post Wrap End -->\n\n<!-- NOTE: If you need to make changes to this file, copy it to your current theme's main\n\tdirectory so your changes won't be overwritten when the plugin is upgraded. -->\n\n<!-- Post Wrap Start-->\n<div class=\"post hentry ivycat-post\">\n\n\t<!-- \tThis outputs the post TITLE -->\n\t<h2 class=\"entry-title\"><a href=\"https:\/\/fleschmazowsza.com.pl\/?p=4355\">Liliputkowo ju\u017c otwarte!<\/a><\/h2>\n\n\t<!-- \tThis outputs the post EXCERPT.  To display full content including images and html,\n\t\treplace the_excerpt(); with the_content();  below. -->\n\t<div class=\"entry-summary\">\n\t\t<p>Centrum Janki przygotowa\u0142o bezp\u0142atn\u0105 przestrze\u0144 zabawy dla ca\u0142ych rodzin. Malutkie domki, uliczki i samochody \u2013 urocze miasteczko przypominaj\u0105ce Warszaw\u0119 w stylu retro czeka na dzieci w Centrum Janki. W bajkowych kamieniczkach maluchy znajd\u0105 kreatywne strefy do wy\u015bmienitej zabawy, a rodzice miejsce na chwil\u0119 relaksu. Liliputkowo jest dost\u0119pne ca\u0142kowicie bezp\u0142atnie, czynne od poniedzia\u0142ku do soboty oraz [&hellip;]<\/p>\n\t<\/div>\n\n\t<!--\tThis outputs the post META information -->\n\t<div class=\"entry-utility\">\n\t\t\t\t\t<span class=\"cat-links\">\n\t\t\t\t<span class=\"entry-utility-prep entry-utility-prep-cat-links\">Posted in<\/span> <a href=\"https:\/\/fleschmazowsza.com.pl\/?cat=6\" rel=\"category\">Kultura<\/a>\t\t\t<\/span>\n\t\t\t<span class=\"meta-sep\">|<\/span>\n\t\t\t\t\t\t<span class=\"comments-link\">\n\t\t\t<a href=\"https:\/\/fleschmazowsza.com.pl\/?p=4355#respond\">Leave a comment<\/a>\t\t<\/span>\n\t\t\t<\/div>\n<\/div>\n<!-- \/\/ Post Wrap End -->\n\n<!-- NOTE: If you need to make changes to this file, copy it to your current theme's main\n\tdirectory so your changes won't be overwritten when the plugin is upgraded. -->\n\n<!-- Post Wrap Start-->\n<div class=\"post hentry ivycat-post\">\n\n\t<!-- \tThis outputs the post TITLE -->\n\t<h2 class=\"entry-title\"><a href=\"https:\/\/fleschmazowsza.com.pl\/?p=4333\">Ogromne straty w ekologii i ekonomii<\/a><\/h2>\n\n\t<!-- \tThis outputs the post EXCERPT.  To display full content including images and html,\n\t\treplace the_excerpt(); with the_content();  below. -->\n\t<div class=\"entry-summary\">\n\t\t<p>Nielegalne wysypiska \u015bmieci w Polsce stanowi\u0105 bardzo powa\u017cny, narastaj\u0105cy problem estetyczny, ale przede wszystkim \u015brodowiskowy. Jak wynika z danych G\u0142\u00f3wnego Urz\u0119du Statystycznego od 2009 do 2018 roku zlikwidowano ich w sumie ponad 120 tys. Jednocze\u015bnie maleje liczba wyspecjalizowanych sk\u0142adowisk odpad\u00f3w i na przestrzeni ostatnich jedenastu lat ich liczba z 803 skurczy\u0142a si\u0119 do 278. \u201eDzikie\u201d [&hellip;]<\/p>\n\t<\/div>\n\n\t<!--\tThis outputs the post META information -->\n\t<div class=\"entry-utility\">\n\t\t\t\t\t<span class=\"cat-links\">\n\t\t\t\t<span class=\"entry-utility-prep entry-utility-prep-cat-links\">Posted in<\/span> <a href=\"https:\/\/fleschmazowsza.com.pl\/?cat=9\" rel=\"category\">Edukacja<\/a>, <a href=\"https:\/\/fleschmazowsza.com.pl\/?cat=6\" rel=\"category\">Kultura<\/a>\t\t\t<\/span>\n\t\t\t<span class=\"meta-sep\">|<\/span>\n\t\t\t\t\t\t<span class=\"comments-link\">\n\t\t\t<a href=\"https:\/\/fleschmazowsza.com.pl\/?p=4333#respond\">Leave a comment<\/a>\t\t<\/span>\n\t\t\t<\/div>\n<\/div>\n<!-- \/\/ Post Wrap End -->\n\n<!-- NOTE: If you need to make changes to this file, copy it to your current theme's main\n\tdirectory so your changes won't be overwritten when the plugin is upgraded. -->\n\n<!-- Post Wrap Start-->\n<div class=\"post hentry ivycat-post\">\n\n\t<!-- \tThis outputs the post TITLE -->\n\t<h2 class=\"entry-title\"><a href=\"https:\/\/fleschmazowsza.com.pl\/?p=4310\">Zadbaj o \u015brodowisko podczas wakacji<\/a><\/h2>\n\n\t<!-- \tThis outputs the post EXCERPT.  To display full content including images and html,\n\t\treplace the_excerpt(); with the_content();  below. -->\n\t<div class=\"entry-summary\">\n\t\t<p>Trwaj\u0105ce od tygodnia wakacje to czas, kiedy ju\u017c powoli my\u015blimy o letnim wypoczynku. Cz\u0119\u015b\u0107 os\u00f3b zdecyduje si\u0119 na aktywn\u0105 form\u0119 sp\u0119dzania czasu, np. w lesie, nad morzem czy w g\u00f3rach. Przed wyjazdem na wczasy warto jednak przypomnie\u0107 sobie zasady, kt\u00f3re pozwol\u0105 cieszy\u0107 si\u0119 zas\u0142u\u017conym urlopem w zgodzie z natur\u0105. Za nami d\u0142ugie miesi\u0105ce lockdownu, b\u0119d\u0105cego [&hellip;]<\/p>\n\t<\/div>\n\n\t<!--\tThis outputs the post META information -->\n\t<div class=\"entry-utility\">\n\t\t\t\t\t<span class=\"cat-links\">\n\t\t\t\t<span class=\"entry-utility-prep entry-utility-prep-cat-links\">Posted in<\/span> <a href=\"https:\/\/fleschmazowsza.com.pl\/?cat=9\" rel=\"category\">Edukacja<\/a>, <a href=\"https:\/\/fleschmazowsza.com.pl\/?cat=6\" rel=\"category\">Kultura<\/a>\t\t\t<\/span>\n\t\t\t<span class=\"meta-sep\">|<\/span>\n\t\t\t\t\t\t<span class=\"comments-link\">\n\t\t\t<a href=\"https:\/\/fleschmazowsza.com.pl\/?p=4310#respond\">Leave a comment<\/a>\t\t<\/span>\n\t\t\t<\/div>\n<\/div>\n<!-- \/\/ Post Wrap End -->\n\n","protected":false},"excerpt":{"rendered":"","protected":false},"author":1,"featured_media":0,"parent":0,"menu_order":0,"comment_status":"closed","ping_status":"closed","template":"","meta":{"footnotes":""},"class_list":["post-9","page","type-page","status-publish","hentry"],"_links":{"self":[{"href":"https:\/\/fleschmazowsza.com.pl\/index.php?rest_route=\/wp\/v2\/pages\/9","targetHints":{"allow":["GET"]}}],"collection":[{"href":"https:\/\/fleschmazowsza.com.pl\/index.php?rest_route=\/wp\/v2\/pages"}],"about":[{"href":"https:\/\/fleschmazowsza.com.pl\/index.php?rest_route=\/wp\/v2\/types\/page"}],"author":[{"embeddable":true,"href":"https:\/\/fleschmazowsza.com.pl\/index.php?rest_route=\/wp\/v2\/users\/1"}],"replies":[{"embeddable":true,"href":"https:\/\/fleschmazowsza.com.pl\/index.php?rest_route=%2Fwp%2Fv2%2Fcomments&post=9"}],"version-history":[{"count":3,"href":"https:\/\/fleschmazowsza.com.pl\/index.php?rest_route=\/wp\/v2\/pages\/9\/revisions"}],"predecessor-version":[{"id":4363,"href":"https:\/\/fleschmazowsza.com.pl\/index.php?rest_route=\/wp\/v2\/pages\/9\/revisions\/4363"}],"wp:attachment":[{"href":"https:\/\/fleschmazowsza.com.pl\/index.php?rest_route=%2Fwp%2Fv2%2Fmedia&parent=9"}],"curies":[{"name":"wp","href":"https:\/\/api.w.org\/{rel}","templated":true}]}}