{"id":5330,"date":"2024-11-25T15:01:50","date_gmt":"2024-11-25T14:01:50","guid":{"rendered":"https:\/\/fleschmazowsza.com.pl\/?page_id=5330"},"modified":"2024-11-26T11:27:28","modified_gmt":"2024-11-26T10:27:28","slug":"sponsorowane","status":"publish","type":"page","link":"https:\/\/fleschmazowsza.com.pl\/?page_id=5330","title":{"rendered":"Sponsorowane"},"content":{"rendered":"\n<!-- NOTE: If you need to make changes to this file, copy it to your current theme's main\n\tdirectory so your changes won't be overwritten when the plugin is upgraded. -->\n\n<!-- Post Wrap Start-->\n<div class=\"post hentry ivycat-post\">\n\n\t<!-- \tThis outputs the post TITLE -->\n\t<h2 class=\"entry-title\"><a href=\"https:\/\/fleschmazowsza.com.pl\/?p=5653\">Teatr Capitol zaprasza na lato \u2013 repertuar wakacyjny ju\u017c dost\u0119pny<\/a><\/h2>\n\n\t<!-- \tThis outputs the post EXCERPT.  To display full content including images and html,\n\t\treplace the_excerpt(); with the_content();  below. -->\n\t<div class=\"entry-summary\">\n\t\t<p>Teatr Capitol og\u0142asza premier\u0119 repertuaru na lato i wakacje. Cho\u0107 sezon letni wielu kojarzy si\u0119 z przerw\u0105 w dzia\u0142alno\u015bci kulturalnej, Capitol pozostaje otwarty dla widz\u00f3w przez ca\u0142y rok i zaprasza do sp\u0119dzenia wakacyjnych wieczor\u00f3w w teatrze. Fot. Cezary Piwowarski\/Teatr Capitol Na stronie teatru dost\u0119pny jest ju\u017c pe\u0142ny repertuar na najbli\u017csze miesi\u0105ce, obejmuj\u0105cy zar\u00f3wno letnie weekendy, [&hellip;]<\/p>\n\t<\/div>\n\n\t<!--\tThis outputs the post META information -->\n\t<div class=\"entry-utility\">\n\t\t\t\t\t<span class=\"cat-links\">\n\t\t\t\t<span class=\"entry-utility-prep entry-utility-prep-cat-links\">Posted in<\/span> <a href=\"https:\/\/fleschmazowsza.com.pl\/?cat=13\" rel=\"category\">Sponsorowane<\/a>\t\t\t<\/span>\n\t\t\t<span class=\"meta-sep\">|<\/span>\n\t\t\t\t\t\t<span class=\"comments-link\">\n\t\t\t<a href=\"https:\/\/fleschmazowsza.com.pl\/?p=5653#respond\">Leave a comment<\/a>\t\t<\/span>\n\t\t\t<\/div>\n<\/div>\n<!-- \/\/ Post Wrap End -->\n\n<!-- NOTE: If you need to make changes to this file, copy it to your current theme's main\n\tdirectory so your changes won't be overwritten when the plugin is upgraded. -->\n\n<!-- Post Wrap Start-->\n<div class=\"post hentry ivycat-post\">\n\n\t<!-- \tThis outputs the post TITLE -->\n\t<h2 class=\"entry-title\"><a href=\"https:\/\/fleschmazowsza.com.pl\/?p=5614\">Pod Dachami Pary\u017ca. Cz\u0119\u015b\u0107 2<\/a><\/h2>\n\n\t<!-- \tThis outputs the post EXCERPT.  To display full content including images and html,\n\t\treplace the_excerpt(); with the_content();  below. -->\n\t<div class=\"entry-summary\">\n\t\t<p>\u201ePod Dachami Pary\u017ca. Cz\u0119\u015b\u0107 2\u201d to kontynuacja jednego z najlepiej przyj\u0119tych spektakli muzyczno-teatralnych ostatnich sezon\u00f3w. Druga ods\u0142ona rozwija histori\u0119 i emocje znane z pierwszej cz\u0119\u015bci, oferuj\u0105c widzom nowe aran\u017cacje, \u015bwie\u017ce choreografie oraz jeszcze silniejszy nacisk na narracj\u0119 sceniczn\u0105 i aktorstwo. To produkcja dojrzalsza, bardziej dynamiczna i odwa\u017cniejsza artystycznie. Francuska piosenka spotyka tu teatr, taniec i [&hellip;]<\/p>\n\t<\/div>\n\n\t<!--\tThis outputs the post META information -->\n\t<div class=\"entry-utility\">\n\t\t\t\t\t<span class=\"cat-links\">\n\t\t\t\t<span class=\"entry-utility-prep entry-utility-prep-cat-links\">Posted in<\/span> <a href=\"https:\/\/fleschmazowsza.com.pl\/?cat=1\" rel=\"category\">Bez Kategorii<\/a>, <a href=\"https:\/\/fleschmazowsza.com.pl\/?cat=13\" rel=\"category\">Sponsorowane<\/a>\t\t\t<\/span>\n\t\t\t<span class=\"meta-sep\">|<\/span>\n\t\t\t\t\t\t<span class=\"comments-link\">\n\t\t\t<a href=\"https:\/\/fleschmazowsza.com.pl\/?p=5614#respond\">Leave a comment<\/a>\t\t<\/span>\n\t\t\t<\/div>\n<\/div>\n<!-- \/\/ Post Wrap End -->\n\n<!-- NOTE: If you need to make changes to this file, copy it to your current theme's main\n\tdirectory so your changes won't be overwritten when the plugin is upgraded. -->\n\n<!-- Post Wrap Start-->\n<div class=\"post hentry ivycat-post\">\n\n\t<!-- \tThis outputs the post TITLE -->\n\t<h2 class=\"entry-title\"><a href=\"https:\/\/fleschmazowsza.com.pl\/?p=5599\">,,Bo\u017cyszcze kobiet porwa\u0142o widowni\u0119!<\/a><\/h2>\n\n\t<!-- \tThis outputs the post EXCERPT.  To display full content including images and html,\n\t\treplace the_excerpt(); with the_content();  below. -->\n\t<div class=\"entry-summary\">\n\t\t<p>9 lutego 2026 roku Teatr Capitol zaprezentowa\u0142 spektakl \u201eBo\u017cyszcze kobiet\u201d w nowej obsadzie. By\u0142 to wyj\u0105tkowy, pe\u0142en energii wiecz\u00f3r, kt\u00f3ry przyci\u0105gn\u0105\u0142 liczne grono gwiazd oraz przyjaci\u00f3\u0142 teatru. Publiczno\u015b\u0107 entuzjastycznie przyj\u0119\u0142a komedi\u0119, nagradzaj\u0105c artyst\u00f3w gromkimi brawami i potwierdzaj\u0105c, \u017ce \u201eBo\u017cyszcze kobiet\u201d w nowej ods\u0142onie ma wszelkie atuty, by sta\u0107 si\u0119 jednym z ulubionych tytu\u0142\u00f3w repertuaru Capitolu. [&hellip;]<\/p>\n\t<\/div>\n\n\t<!--\tThis outputs the post META information -->\n\t<div class=\"entry-utility\">\n\t\t\t\t\t<span class=\"cat-links\">\n\t\t\t\t<span class=\"entry-utility-prep entry-utility-prep-cat-links\">Posted in<\/span> <a href=\"https:\/\/fleschmazowsza.com.pl\/?cat=13\" rel=\"category\">Sponsorowane<\/a>\t\t\t<\/span>\n\t\t\t<span class=\"meta-sep\">|<\/span>\n\t\t\t\t\t\t<span class=\"comments-link\">\n\t\t\t<a href=\"https:\/\/fleschmazowsza.com.pl\/?p=5599#respond\">Leave a comment<\/a>\t\t<\/span>\n\t\t\t<\/div>\n<\/div>\n<!-- \/\/ Post Wrap End -->\n\n<!-- NOTE: If you need to make changes to this file, copy it to your current theme's main\n\tdirectory so your changes won't be overwritten when the plugin is upgraded. -->\n\n<!-- Post Wrap Start-->\n<div class=\"post hentry ivycat-post\">\n\n\t<!-- \tThis outputs the post TITLE -->\n\t<h2 class=\"entry-title\"><a href=\"https:\/\/fleschmazowsza.com.pl\/?p=5593\">Muzyczne Walentynki w Pruszkowie. Klasyka i Pop Opera w kr\u00f3lewskim wydaniu.<\/a><\/h2>\n\n\t<!-- \tThis outputs the post EXCERPT.  To display full content including images and html,\n\t\treplace the_excerpt(); with the_content();  below. -->\n\t<div class=\"entry-summary\">\n\t\t<p>Ju\u017c 14 lutego pruszkowska scena zabrzmi wyj\u0105tkowo. Do miasta zawita BognaBand, zesp\u00f3\u0142 tworzony przez artyst\u00f3w Filharmonii \u0141\u00f3dzkiej, wyst\u0119puj\u0105cy w pe\u0142nym, rozszerzonym sk\u0142adzie instrumentalnym. B\u0119dzie to premiera tego Zespo\u0142u w historii Pruszkowa. Towarzyszy\u0107 im b\u0119d\u0105 znakomici wokali\u015bci, w\u015br\u00f3d nich Krzysztof Knapczyk i Marta \u015apionek. O godzinie 16:00 publiczno\u015b\u0107 zaproszona zostanie na Koncert Kr\u00f3lewski \u2013 Majestat Klasyki. [&hellip;]<\/p>\n\t<\/div>\n\n\t<!--\tThis outputs the post META information -->\n\t<div class=\"entry-utility\">\n\t\t\t\t\t<span class=\"cat-links\">\n\t\t\t\t<span class=\"entry-utility-prep entry-utility-prep-cat-links\">Posted in<\/span> <a href=\"https:\/\/fleschmazowsza.com.pl\/?cat=13\" rel=\"category\">Sponsorowane<\/a>\t\t\t<\/span>\n\t\t\t<span class=\"meta-sep\">|<\/span>\n\t\t\t\t\t\t<span class=\"comments-link\">\n\t\t\t<a href=\"https:\/\/fleschmazowsza.com.pl\/?p=5593#respond\">Leave a comment<\/a>\t\t<\/span>\n\t\t\t<\/div>\n<\/div>\n<!-- \/\/ Post Wrap End -->\n\n<!-- NOTE: If you need to make changes to this file, copy it to your current theme's main\n\tdirectory so your changes won't be overwritten when the plugin is upgraded. -->\n\n<!-- Post Wrap Start-->\n<div class=\"post hentry ivycat-post\">\n\n\t<!-- \tThis outputs the post TITLE -->\n\t<h2 class=\"entry-title\"><a href=\"https:\/\/fleschmazowsza.com.pl\/?p=5577\">SAUNA FESTIVAL: saturation. Pierwsza edycja mi\u0119dzynarodowego festiwalu audiowizualnego w Warszawie<\/a><\/h2>\n\n\t<!-- \tThis outputs the post EXCERPT.  To display full content including images and html,\n\t\treplace the_excerpt(); with the_content();  below. -->\n\t<div class=\"entry-summary\">\n\t\t<p>Ju\u017c w dniach 6-8 lutego 2026 roku w Warszawie odb\u0119dzie si\u0119\u00a0SAUNA FESTIVAL: saturation\u00a0\u2013 pierwsza edycja mi\u0119dzynarodowego festiwalu audiowizualnego organizowanego przez platform\u0119\u00a0SAUNA. Wydarzenie koncentruje si\u0119 na muzyce eksperymentalnej, video arcie oraz r\u00f3\u017cnorodnych formach \u0142\u0105czenia obrazu i d\u017awi\u0119ku, badaj\u0105c do\u015bwiadczenie intensywno\u015bci, nasycenia i percepcyjnego przeci\u0105\u017cenia jako stanu cielesnego i kulturowego. Festiwal jest naturaln\u0105 kontynuacj\u0105 projektu&nbsp;SAUNA, powo\u0142anego do [&hellip;]<\/p>\n\t<\/div>\n\n\t<!--\tThis outputs the post META information -->\n\t<div class=\"entry-utility\">\n\t\t\t\t\t<span class=\"cat-links\">\n\t\t\t\t<span class=\"entry-utility-prep entry-utility-prep-cat-links\">Posted in<\/span> <a href=\"https:\/\/fleschmazowsza.com.pl\/?cat=13\" rel=\"category\">Sponsorowane<\/a>\t\t\t<\/span>\n\t\t\t<span class=\"meta-sep\">|<\/span>\n\t\t\t\t\t\t<span class=\"comments-link\">\n\t\t\t<a href=\"https:\/\/fleschmazowsza.com.pl\/?p=5577#respond\">Leave a comment<\/a>\t\t<\/span>\n\t\t\t<\/div>\n<\/div>\n<!-- \/\/ Post Wrap End -->\n\n<!-- NOTE: If you need to make changes to this file, copy it to your current theme's main\n\tdirectory so your changes won't be overwritten when the plugin is upgraded. -->\n\n<!-- Post Wrap Start-->\n<div class=\"post hentry ivycat-post\">\n\n\t<!-- \tThis outputs the post TITLE -->\n\t<h2 class=\"entry-title\"><a href=\"https:\/\/fleschmazowsza.com.pl\/?p=5564\">Nowo\u015bci na Scenie Metro!<\/a><\/h2>\n\n\t<!-- \tThis outputs the post EXCERPT.  To display full content including images and html,\n\t\treplace the_excerpt(); with the_content();  below. -->\n\t<div class=\"entry-summary\">\n\t\t<p>Na Scenie Metro nieustannie dzieje si\u0119 co\u015b nowego! Przygotowali\u015bmy \u015bwie\u017ce propozycje repertuarowe, kt\u00f3re ju\u017c wkr\u00f3tce pojawi\u0105 si\u0119 na naszej scenie. &#x1f449; Nowe spektakle teatralne&#x1f449; Premiery dla dzieci i ca\u0142ych rodzin&#x1f449; Wydarzenia muzyczne i kameralne koncerty&#x1f449; Spotkania, wydarzenia specjalne i projekty edukacyjne Poni\u017cej prezentujemy aktualne nowo\u015bci programowe \u2013 sprawd\u017a, co warto zobaczy\u0107 i zaplanuj wizyt\u0119 w [&hellip;]<\/p>\n\t<\/div>\n\n\t<!--\tThis outputs the post META information -->\n\t<div class=\"entry-utility\">\n\t\t\t\t\t<span class=\"cat-links\">\n\t\t\t\t<span class=\"entry-utility-prep entry-utility-prep-cat-links\">Posted in<\/span> <a href=\"https:\/\/fleschmazowsza.com.pl\/?cat=13\" rel=\"category\">Sponsorowane<\/a>\t\t\t<\/span>\n\t\t\t<span class=\"meta-sep\">|<\/span>\n\t\t\t\t\t\t<span class=\"comments-link\">\n\t\t\t<a href=\"https:\/\/fleschmazowsza.com.pl\/?p=5564#respond\">Leave a comment<\/a>\t\t<\/span>\n\t\t\t<\/div>\n<\/div>\n<!-- \/\/ Post Wrap End -->\n\n<!-- NOTE: If you need to make changes to this file, copy it to your current theme's main\n\tdirectory so your changes won't be overwritten when the plugin is upgraded. -->\n\n<!-- Post Wrap Start-->\n<div class=\"post hentry ivycat-post\">\n\n\t<!-- \tThis outputs the post TITLE -->\n\t<h2 class=\"entry-title\"><a href=\"https:\/\/fleschmazowsza.com.pl\/?p=5552\">ABBA i Inii w Grodzisku Mazowieckim!<\/a><\/h2>\n\n\t<!-- \tThis outputs the post EXCERPT.  To display full content including images and html,\n\t\treplace the_excerpt(); with the_content();  below. -->\n\t<div class=\"entry-summary\">\n\t\t<p>Powraca wyj\u0105tkowe widowisko muzyczne, kt\u00f3re pokocha\u0142y tysi\u0105ce widz\u00f3w! \u201eABBA i Inni Symfonicznie &#8211; Cz\u0119\u015b\u0107 1 i 2\u201d to najwi\u0119ksze widowisko muzyczne w Polsce stworzone specjalnie dla fan\u00f3w muzyki disco lat 70. i 80. To jedyna produkcja w kraju, organizowana z tak imponuj\u0105cym rozmachem, kt\u00f3ra zabierze Ci\u0119 do \u015bwiata, w kt\u00f3rym kr\u00f3lowali ABBA, Bee Gees, Boney [&hellip;]<\/p>\n\t<\/div>\n\n\t<!--\tThis outputs the post META information -->\n\t<div class=\"entry-utility\">\n\t\t\t\t\t<span class=\"cat-links\">\n\t\t\t\t<span class=\"entry-utility-prep entry-utility-prep-cat-links\">Posted in<\/span> <a href=\"https:\/\/fleschmazowsza.com.pl\/?cat=13\" rel=\"category\">Sponsorowane<\/a>\t\t\t<\/span>\n\t\t\t<span class=\"meta-sep\">|<\/span>\n\t\t\t\t\t\t<span class=\"comments-link\">\n\t\t\t<a href=\"https:\/\/fleschmazowsza.com.pl\/?p=5552#respond\">Leave a comment<\/a>\t\t<\/span>\n\t\t\t<\/div>\n<\/div>\n<!-- \/\/ Post Wrap End -->\n\n<!-- NOTE: If you need to make changes to this file, copy it to your current theme's main\n\tdirectory so your changes won't be overwritten when the plugin is upgraded. -->\n\n<!-- Post Wrap Start-->\n<div class=\"post hentry ivycat-post\">\n\n\t<!-- \tThis outputs the post TITLE -->\n\t<h2 class=\"entry-title\"><a href=\"https:\/\/fleschmazowsza.com.pl\/?p=5559\">\u201eGenerowane spojrzenia\u201d<\/a><\/h2>\n\n\t<!-- \tThis outputs the post EXCERPT.  To display full content including images and html,\n\t\treplace the_excerpt(); with the_content();  below. -->\n\t<div class=\"entry-summary\">\n\t\t<p>kino niemego filmu, muzyka na \u017cywo i sztuczna inteligencja. Ju\u017c&nbsp;27 i 28 stycznia&nbsp;odb\u0119dzie si\u0119 niezwyk\u0142e wydarzenie \u0142\u0105cz\u0105ce klasyk\u0119 kina niemego, muzyk\u0119 improwizowan\u0105 na \u017cywo oraz najnowsze technologie sztucznej inteligencji. Projekt&nbsp;\u201eGenerowane spojrzenia\u201d&nbsp;to immersyjne spotkanie filmu, d\u017awi\u0119ku i obrazu, skierowane do wszystkich ciekawych \u015bwiata, otwartych na nowe do\u015bwiadczenia i dialog pomi\u0119dzy tradycj\u0105 a nowoczesno\u015bci\u0105. W oba dni [&hellip;]<\/p>\n\t<\/div>\n\n\t<!--\tThis outputs the post META information -->\n\t<div class=\"entry-utility\">\n\t\t\t\t\t<span class=\"cat-links\">\n\t\t\t\t<span class=\"entry-utility-prep entry-utility-prep-cat-links\">Posted in<\/span> <a href=\"https:\/\/fleschmazowsza.com.pl\/?cat=13\" rel=\"category\">Sponsorowane<\/a>\t\t\t<\/span>\n\t\t\t<span class=\"meta-sep\">|<\/span>\n\t\t\t\t\t\t<span class=\"comments-link\">\n\t\t\t<a href=\"https:\/\/fleschmazowsza.com.pl\/?p=5559#respond\">Leave a comment<\/a>\t\t<\/span>\n\t\t\t<\/div>\n<\/div>\n<!-- \/\/ Post Wrap End -->\n\n<!-- NOTE: If you need to make changes to this file, copy it to your current theme's main\n\tdirectory so your changes won't be overwritten when the plugin is upgraded. -->\n\n<!-- Post Wrap Start-->\n<div class=\"post hentry ivycat-post\">\n\n\t<!-- \tThis outputs the post TITLE -->\n\t<h2 class=\"entry-title\"><a href=\"https:\/\/fleschmazowsza.com.pl\/?p=5525\">Scena Metro \u2013 kultura na wyci\u0105gni\u0119cie r\u0119ki<\/a><\/h2>\n\n\t<!-- \tThis outputs the post EXCERPT.  To display full content including images and html,\n\t\treplace the_excerpt(); with the_content();  below. -->\n\t<div class=\"entry-summary\">\n\t\t<p>Scena Metro to teatr dzia\u0142aj\u0105cy na stacji Metra Br\u00f3dno na warszawskiej linii M2. Jeste\u015bmy miejscem, kt\u00f3re \u0142\u0105czy codzienno\u015b\u0107 miasta ze sztuk\u0105. Do nas nie trzeba si\u0119 specjalnie wybiera\u0107. Wystarczy wysi\u0105\u015b\u0107 z metra i wej\u015b\u0107 na spektakl, koncert lub wydarzenie dla ca\u0142ej rodziny. Tworzymy przestrze\u0144 dla dzieci, m\u0142odzie\u017cy, doros\u0142ych i senior\u00f3w. Stawiamy na bezpo\u015bredni kontakt z [&hellip;]<\/p>\n\t<\/div>\n\n\t<!--\tThis outputs the post META information -->\n\t<div class=\"entry-utility\">\n\t\t\t\t\t<span class=\"cat-links\">\n\t\t\t\t<span class=\"entry-utility-prep entry-utility-prep-cat-links\">Posted in<\/span> <a href=\"https:\/\/fleschmazowsza.com.pl\/?cat=13\" rel=\"category\">Sponsorowane<\/a>\t\t\t<\/span>\n\t\t\t<span class=\"meta-sep\">|<\/span>\n\t\t\t\t\t\t<span class=\"comments-link\">\n\t\t\t<a href=\"https:\/\/fleschmazowsza.com.pl\/?p=5525#respond\">Leave a comment<\/a>\t\t<\/span>\n\t\t\t<\/div>\n<\/div>\n<!-- \/\/ Post Wrap End -->\n\n<!-- NOTE: If you need to make changes to this file, copy it to your current theme's main\n\tdirectory so your changes won't be overwritten when the plugin is upgraded. -->\n\n<!-- Post Wrap Start-->\n<div class=\"post hentry ivycat-post\">\n\n\t<!-- \tThis outputs the post TITLE -->\n\t<h2 class=\"entry-title\"><a href=\"https:\/\/fleschmazowsza.com.pl\/?p=5513\">Sylwester 2025\/2026 w Teatrze Capitol \u2013 Przywitaj Nowy Rok z teatralnym rozmachem!<\/a><\/h2>\n\n\t<!-- \tThis outputs the post EXCERPT.  To display full content including images and html,\n\t\treplace the_excerpt(); with the_content();  below. -->\n\t<div class=\"entry-summary\">\n\t\t<p>Teatr Capitol w Warszawie zaprasza na wyj\u0105tkow\u0105 noc, w kt\u00f3rej sztuka, muzyka i rozrywka spotkaj\u0105 si\u0119 na jednej scenie! Sylwester w Capitolu to nie tylko spektakle pe\u0142ne humoru i emocji, ale te\u017c eleganckie kolacje, zmys\u0142owe show, taniec do bia\u0142ego rana i niepowtarzalna atmosfera w samym sercu stolicy. To idealna propozycja dla tych, kt\u00f3rzy chc\u0105 po\u017cegna\u0107 [&hellip;]<\/p>\n\t<\/div>\n\n\t<!--\tThis outputs the post META information -->\n\t<div class=\"entry-utility\">\n\t\t\t\t\t<span class=\"cat-links\">\n\t\t\t\t<span class=\"entry-utility-prep entry-utility-prep-cat-links\">Posted in<\/span> <a href=\"https:\/\/fleschmazowsza.com.pl\/?cat=1\" rel=\"category\">Bez Kategorii<\/a>, <a href=\"https:\/\/fleschmazowsza.com.pl\/?cat=13\" rel=\"category\">Sponsorowane<\/a>\t\t\t<\/span>\n\t\t\t<span class=\"meta-sep\">|<\/span>\n\t\t\t\t\t\t<span class=\"comments-link\">\n\t\t\t<a href=\"https:\/\/fleschmazowsza.com.pl\/?p=5513#respond\">Leave a comment<\/a>\t\t<\/span>\n\t\t\t<\/div>\n<\/div>\n<!-- \/\/ Post Wrap End -->\n\n","protected":false},"excerpt":{"rendered":"","protected":false},"author":1,"featured_media":0,"parent":0,"menu_order":0,"comment_status":"closed","ping_status":"closed","template":"","meta":{"footnotes":""},"class_list":["post-5330","page","type-page","status-publish","hentry"],"_links":{"self":[{"href":"https:\/\/fleschmazowsza.com.pl\/index.php?rest_route=\/wp\/v2\/pages\/5330","targetHints":{"allow":["GET"]}}],"collection":[{"href":"https:\/\/fleschmazowsza.com.pl\/index.php?rest_route=\/wp\/v2\/pages"}],"about":[{"href":"https:\/\/fleschmazowsza.com.pl\/index.php?rest_route=\/wp\/v2\/types\/page"}],"author":[{"embeddable":true,"href":"https:\/\/fleschmazowsza.com.pl\/index.php?rest_route=\/wp\/v2\/users\/1"}],"replies":[{"embeddable":true,"href":"https:\/\/fleschmazowsza.com.pl\/index.php?rest_route=%2Fwp%2Fv2%2Fcomments&post=5330"}],"version-history":[{"count":2,"href":"https:\/\/fleschmazowsza.com.pl\/index.php?rest_route=\/wp\/v2\/pages\/5330\/revisions"}],"predecessor-version":[{"id":5344,"href":"https:\/\/fleschmazowsza.com.pl\/index.php?rest_route=\/wp\/v2\/pages\/5330\/revisions\/5344"}],"wp:attachment":[{"href":"https:\/\/fleschmazowsza.com.pl\/index.php?rest_route=%2Fwp%2Fv2%2Fmedia&parent=5330"}],"curies":[{"name":"wp","href":"https:\/\/api.w.org\/{rel}","templated":true}]}}