{"id":13,"date":"2016-09-22T11:30:25","date_gmt":"2016-09-22T11:30:25","guid":{"rendered":"http:\/\/prom.home.pl\/autoinstalator\/wordpress3\/?page_id=13"},"modified":"2016-10-20T14:59:06","modified_gmt":"2016-10-20T13:59:06","slug":"edukacja","status":"publish","type":"page","link":"https:\/\/fleschmazowsza.com.pl\/?page_id=13","title":{"rendered":"Edukacja"},"content":{"rendered":"\n<!-- NOTE: If you need to make changes to this file, copy it to your current theme's main\n\tdirectory so your changes won't be overwritten when the plugin is upgraded. -->\n\n<!-- Post Wrap Start-->\n<div class=\"post hentry ivycat-post\">\n\n\t<!-- \tThis outputs the post TITLE -->\n\t<h2 class=\"entry-title\"><a href=\"https:\/\/fleschmazowsza.com.pl\/?p=5301\">Susza \u2013 narastaj\u0105cy problem. Sprawd\u017a, co robi\u0107, by wesprze\u0107 natur\u0119<\/a><\/h2>\n\n\t<!-- \tThis outputs the post EXCERPT.  To display full content including images and html,\n\t\treplace the_excerpt(); with the_content();  below. -->\n\t<div class=\"entry-summary\">\n\t\t<p>Lato przynosi ze sob\u0105 nie tylko s\u0142o\u0144ce i wakacyjne przygody, ale tak\u017ce coraz powa\u017cniejsze wyzwania zwi\u0105zane ze zmianami klimatycznymi. Jednym z najbardziej pal\u0105cych problem\u00f3w, z kt\u00f3rym musi mierzy\u0107 si\u0119 natura, jest susza. Zjawisko to, b\u0119d\u0105ce mi\u0119dzy innymi wynikiem d\u0142ugotrwa\u0142ych niedobor\u00f3w opad\u00f3w, ma destrukcyjny wp\u0142yw na \u015brodowisko, rolnictwo oraz codzienne \u017cycie ludzi na ca\u0142ym \u015bwiecie. Susza [&hellip;]<\/p>\n\t<\/div>\n\n\t<!--\tThis outputs the post META information -->\n\t<div class=\"entry-utility\">\n\t\t\t\t\t<span class=\"cat-links\">\n\t\t\t\t<span class=\"entry-utility-prep entry-utility-prep-cat-links\">Posted in<\/span> <a href=\"https:\/\/fleschmazowsza.com.pl\/?cat=9\" rel=\"category\">Edukacja<\/a>\t\t\t<\/span>\n\t\t\t<span class=\"meta-sep\">|<\/span>\n\t\t\t\t\t\t<span class=\"comments-link\">\n\t\t\t<a href=\"https:\/\/fleschmazowsza.com.pl\/?p=5301#respond\">Leave a comment<\/a>\t\t<\/span>\n\t\t\t<\/div>\n<\/div>\n<!-- \/\/ Post Wrap End -->\n\n<!-- NOTE: If you need to make changes to this file, copy it to your current theme's main\n\tdirectory so your changes won't be overwritten when the plugin is upgraded. -->\n\n<!-- Post Wrap Start-->\n<div class=\"post hentry ivycat-post\">\n\n\t<!-- \tThis outputs the post TITLE -->\n\t<h2 class=\"entry-title\"><a href=\"https:\/\/fleschmazowsza.com.pl\/?p=5161\">Kosztowne marnotrastwo<\/a><\/h2>\n\n\t<!-- \tThis outputs the post EXCERPT.  To display full content including images and html,\n\t\treplace the_excerpt(); with the_content();  below. -->\n\t<div class=\"entry-summary\">\n\t\t<p>Ka\u017cdego roku na \u015bwiecie ludzko\u015b\u0107 marnuje 1,3 miliarda ton \u017cywno\u015bci. Wyrzucanie jedzenia budzi w\u0105tpliwo\u015bci nie tylko natury etycznej, ale tak\u017ce wi\u0105\u017ce si\u0119 z ogromnymi konsekwencjami ekologicznymi, ekonomicznymi i spo\u0142ecznymi. Obchodzony 16 pa\u017adziernika \u015awiatowy Dzie\u0144 \u017bywno\u015bci to doskona\u0142a okazja, aby pozna\u0107 skal\u0119 problemu i podj\u0105\u0107 dzia\u0142ania, aby skutecznie walczy\u0107 z tym niechlubnym zachowaniem. Marnowanie \u017cywno\u015bci to [&hellip;]<\/p>\n\t<\/div>\n\n\t<!--\tThis outputs the post META information -->\n\t<div class=\"entry-utility\">\n\t\t\t\t\t<span class=\"cat-links\">\n\t\t\t\t<span class=\"entry-utility-prep entry-utility-prep-cat-links\">Posted in<\/span> <a href=\"https:\/\/fleschmazowsza.com.pl\/?cat=9\" rel=\"category\">Edukacja<\/a>\t\t\t<\/span>\n\t\t\t<span class=\"meta-sep\">|<\/span>\n\t\t\t\t\t\t<span class=\"comments-link\">\n\t\t\t<a href=\"https:\/\/fleschmazowsza.com.pl\/?p=5161#respond\">Leave a comment<\/a>\t\t<\/span>\n\t\t\t<\/div>\n<\/div>\n<!-- \/\/ Post Wrap End -->\n\n<!-- NOTE: If you need to make changes to this file, copy it to your current theme's main\n\tdirectory so your changes won't be overwritten when the plugin is upgraded. -->\n\n<!-- Post Wrap Start-->\n<div class=\"post hentry ivycat-post\">\n\n\t<!-- \tThis outputs the post TITLE -->\n\t<h2 class=\"entry-title\"><a href=\"https:\/\/fleschmazowsza.com.pl\/?p=5000\">Stacje pogodowe w szko\u0142ach<\/a><\/h2>\n\n\t<!-- \tThis outputs the post EXCERPT.  To display full content including images and html,\n\t\treplace the_excerpt(); with the_content();  below. -->\n\t<div class=\"entry-summary\">\n\t\t<p>Temperatura powietrza, promieniowanie s\u0142oneczne czy kierunek wiatru \u2013 m.in. takie informacje mo\u017cna odczyta\u0107 ze stacji meteorologicznych, kt\u00f3re zosta\u0142y zamontowane przy szko\u0142ach na terenie gminy Brwin\u00f3w. Automatyczne, bezprzewodowe stacje pogody zosta\u0142y zamontowane na terenie czterech szk\u00f3\u0142 samorz\u0105dowych w Brwinowie, \u017b\u00f3\u0142winie i Otr\u0119busach. Urz\u0105dzenia umo\u017cliwiaj\u0105 bezobs\u0142ugowy pomiar warunk\u00f3w atmosferycznych oraz jako\u015bci powietrza. System czujnik\u00f3w umo\u017cliwia pomiar standardowych [&hellip;]<\/p>\n\t<\/div>\n\n\t<!--\tThis outputs the post META information -->\n\t<div class=\"entry-utility\">\n\t\t\t\t\t<span class=\"cat-links\">\n\t\t\t\t<span class=\"entry-utility-prep entry-utility-prep-cat-links\">Posted in<\/span> <a href=\"https:\/\/fleschmazowsza.com.pl\/?cat=9\" rel=\"category\">Edukacja<\/a>\t\t\t<\/span>\n\t\t\t<span class=\"meta-sep\">|<\/span>\n\t\t\t\t\t\t<span class=\"comments-link\">\n\t\t\t<a href=\"https:\/\/fleschmazowsza.com.pl\/?p=5000#respond\">Leave a comment<\/a>\t\t<\/span>\n\t\t\t<\/div>\n<\/div>\n<!-- \/\/ Post Wrap End -->\n\n<!-- NOTE: If you need to make changes to this file, copy it to your current theme's main\n\tdirectory so your changes won't be overwritten when the plugin is upgraded. -->\n\n<!-- Post Wrap Start-->\n<div class=\"post hentry ivycat-post\">\n\n\t<!-- \tThis outputs the post TITLE -->\n\t<h2 class=\"entry-title\"><a href=\"https:\/\/fleschmazowsza.com.pl\/?p=4964\">Coraz wi\u0119cej odpad\u00f3w<\/a><\/h2>\n\n\t<!-- \tThis outputs the post EXCERPT.  To display full content including images and html,\n\t\treplace the_excerpt(); with the_content();  below. -->\n\t<div class=\"entry-summary\">\n\t\t<p>Niedawno obchodzony Nowy Rok sprzyja podejmowaniu postanowie\u0144 na kolejne 365 dni. W\u015br\u00f3d nich mo\u017cna wymieni\u0107 regularne chodzenie na si\u0142owni\u0119 czy udzia\u0142 w szkoleniach. Jest jednak nad czym pracowa\u0107 r\u00f3wnie\u017c w kwestii ochrony \u015brodowiska. W 2021 r. na przeci\u0119tnego Polaka przypad\u0142o bowiem prawie 370 kg odpad\u00f3w, czyli o ponad 100 kg wi\u0119cej, ni\u017c w 2011. Czy [&hellip;]<\/p>\n\t<\/div>\n\n\t<!--\tThis outputs the post META information -->\n\t<div class=\"entry-utility\">\n\t\t\t\t\t<span class=\"cat-links\">\n\t\t\t\t<span class=\"entry-utility-prep entry-utility-prep-cat-links\">Posted in<\/span> <a href=\"https:\/\/fleschmazowsza.com.pl\/?cat=9\" rel=\"category\">Edukacja<\/a>\t\t\t<\/span>\n\t\t\t<span class=\"meta-sep\">|<\/span>\n\t\t\t\t\t\t<span class=\"comments-link\">\n\t\t\t<a href=\"https:\/\/fleschmazowsza.com.pl\/?p=4964#respond\">Leave a comment<\/a>\t\t<\/span>\n\t\t\t<\/div>\n<\/div>\n<!-- \/\/ Post Wrap End -->\n\n<!-- NOTE: If you need to make changes to this file, copy it to your current theme's main\n\tdirectory so your changes won't be overwritten when the plugin is upgraded. -->\n\n<!-- Post Wrap Start-->\n<div class=\"post hentry ivycat-post\">\n\n\t<!-- \tThis outputs the post TITLE -->\n\t<h2 class=\"entry-title\"><a href=\"https:\/\/fleschmazowsza.com.pl\/?p=4736\">EKOLOGIA. Nawet niewielkie ekozmiany poprawiaj\u0105 stan naszego \u015brodowiska<\/a><\/h2>\n\n\t<!-- \tThis outputs the post EXCERPT.  To display full content including images and html,\n\t\treplace the_excerpt(); with the_content();  below. -->\n\t<div class=\"entry-summary\">\n\t\t<p>Obchodzony 22 kwietnia Dzie\u0144 Ziemi to moment, w kt\u00f3rym cz\u0119sto przypominamy sobie o zobowi\u0105zaniach wzgl\u0119dem \u015brodowiska naturalnego. W wielu miejscach Polski organizowane s\u0105 akcje sprz\u0105tania, a wielu ludzi ch\u0119tnie si\u0119 w nie w\u0142\u0105cza. Z roku na rok jednak natura boryka si\u0119 z coraz wi\u0119kszymi problemami. Dlatego w\u0142a\u015bnie warto pami\u0119ta\u0107 o ekologicznych nawykach nie tylko od [&hellip;]<\/p>\n\t<\/div>\n\n\t<!--\tThis outputs the post META information -->\n\t<div class=\"entry-utility\">\n\t\t\t\t\t<span class=\"cat-links\">\n\t\t\t\t<span class=\"entry-utility-prep entry-utility-prep-cat-links\">Posted in<\/span> <a href=\"https:\/\/fleschmazowsza.com.pl\/?cat=9\" rel=\"category\">Edukacja<\/a>\t\t\t<\/span>\n\t\t\t<span class=\"meta-sep\">|<\/span>\n\t\t\t\t\t\t<span class=\"comments-link\">\n\t\t\t<a href=\"https:\/\/fleschmazowsza.com.pl\/?p=4736#respond\">Leave a comment<\/a>\t\t<\/span>\n\t\t\t<\/div>\n<\/div>\n<!-- \/\/ Post Wrap End -->\n\n<!-- NOTE: If you need to make changes to this file, copy it to your current theme's main\n\tdirectory so your changes won't be overwritten when the plugin is upgraded. -->\n\n<!-- Post Wrap Start-->\n<div class=\"post hentry ivycat-post\">\n\n\t<!-- \tThis outputs the post TITLE -->\n\t<h2 class=\"entry-title\"><a href=\"https:\/\/fleschmazowsza.com.pl\/?p=4707\">Wypalanie traw i nieu\u017cytk\u00f3w rolnych niebezpieczne i karalne<\/a><\/h2>\n\n\t<!-- \tThis outputs the post EXCERPT.  To display full content including images and html,\n\t\treplace the_excerpt(); with the_content();  below. -->\n\t<div class=\"entry-summary\">\n\t\t<p>Mimo corocznych napomnie\u0144 Pa\u0144stwowej Stra\u017cy Po\u017carnej, Policji, Agencji Restrukturyzacji i Modernizacji Rolnictwa czy innych urz\u0119d\u00f3w, ka\u017cdej wiosny wybuchaj\u0105 po\u017cary spowodowane wypalaniem traw i nieu\u017cytk\u00f3w rolnych. S\u0105 one szkodliwe dla \u015brodowiska i stanowi\u0105 ogromne zagro\u017cenie dla \u017cycia. Tegoroczna aura, niezwykle sucha, szczeg\u00f3lnie sprzyja powstawaniu czy rozprzestrzenianiu si\u0119 po\u017car\u00f3w. W tym roku odnotowano ju\u017c ponad 20 tys. [&hellip;]<\/p>\n\t<\/div>\n\n\t<!--\tThis outputs the post META information -->\n\t<div class=\"entry-utility\">\n\t\t\t\t\t<span class=\"cat-links\">\n\t\t\t\t<span class=\"entry-utility-prep entry-utility-prep-cat-links\">Posted in<\/span> <a href=\"https:\/\/fleschmazowsza.com.pl\/?cat=9\" rel=\"category\">Edukacja<\/a>, <a href=\"https:\/\/fleschmazowsza.com.pl\/?cat=6\" rel=\"category\">Kultura<\/a>\t\t\t<\/span>\n\t\t\t<span class=\"meta-sep\">|<\/span>\n\t\t\t\t\t\t<span class=\"comments-link\">\n\t\t\t<a href=\"https:\/\/fleschmazowsza.com.pl\/?p=4707#respond\">Leave a comment<\/a>\t\t<\/span>\n\t\t\t<\/div>\n<\/div>\n<!-- \/\/ Post Wrap End -->\n\n<!-- NOTE: If you need to make changes to this file, copy it to your current theme's main\n\tdirectory so your changes won't be overwritten when the plugin is upgraded. -->\n\n<!-- Post Wrap Start-->\n<div class=\"post hentry ivycat-post\">\n\n\t<!-- \tThis outputs the post TITLE -->\n\t<h2 class=\"entry-title\"><a href=\"https:\/\/fleschmazowsza.com.pl\/?p=4644\">B\u0105d\u017amy wra\u017cliwi na bezdomno\u015b\u0107<\/a><\/h2>\n\n\t<!-- \tThis outputs the post EXCERPT.  To display full content including images and html,\n\t\treplace the_excerpt(); with the_content();  below. -->\n\t<div class=\"entry-summary\">\n\t\t<p>Pogoda w styczniu i lutym potrafi da\u0107 w ko\u015b\u0107. Doskwiera nam w podr\u00f3\u017cy do pracy, narzekamy na codzienne skrobanie szyb w samochodach. Nasze problemy s\u0105 niczym w obliczu tych, z kt\u00f3rymi mierz\u0105 si\u0119 ludzie bezdomni. Coraz ni\u017csze temperatury wieczorem i w nocy s\u0105 dla nich realnym zagro\u017ceniem \u017cycia. Nie b\u0105d\u017amy oboj\u0119tni na tych, kt\u00f3rzy potrzebuj\u0105 [&hellip;]<\/p>\n\t<\/div>\n\n\t<!--\tThis outputs the post META information -->\n\t<div class=\"entry-utility\">\n\t\t\t\t\t<span class=\"cat-links\">\n\t\t\t\t<span class=\"entry-utility-prep entry-utility-prep-cat-links\">Posted in<\/span> <a href=\"https:\/\/fleschmazowsza.com.pl\/?cat=9\" rel=\"category\">Edukacja<\/a>\t\t\t<\/span>\n\t\t\t<span class=\"meta-sep\">|<\/span>\n\t\t\t\t\t\t<span class=\"comments-link\">\n\t\t\t<a href=\"https:\/\/fleschmazowsza.com.pl\/?p=4644#respond\">Leave a comment<\/a>\t\t<\/span>\n\t\t\t<\/div>\n<\/div>\n<!-- \/\/ Post Wrap End -->\n\n<!-- NOTE: If you need to make changes to this file, copy it to your current theme's main\n\tdirectory so your changes won't be overwritten when the plugin is upgraded. -->\n\n<!-- Post Wrap Start-->\n<div class=\"post hentry ivycat-post\">\n\n\t<!-- \tThis outputs the post TITLE -->\n\t<h2 class=\"entry-title\"><a href=\"https:\/\/fleschmazowsza.com.pl\/?p=4498\">Gin\u0105ca bior\u00f3\u017cnorodno\u015b\u0107, czyli negatywne \u017cniwo rozwoju cywilizacyjnego<\/a><\/h2>\n\n\t<!-- \tThis outputs the post EXCERPT.  To display full content including images and html,\n\t\treplace the_excerpt(); with the_content();  below. -->\n\t<div class=\"entry-summary\">\n\t\t<p>Rozw\u00f3j cywilizacyjny, kt\u00f3rego tempo w historii nie mia\u0142o jeszcze takiej dynamiki, zbiera swoje negatywne \u017cniwo. Zatracili\u015bmy si\u0119 w my\u015bleniu, \u017ce jeste\u015bmy na ziemi najwa\u017cniejszym z gatunk\u00f3w. Prawda jest jednak taka, \u017ce jeste\u015bmy wy\u0142\u0105cznie jednym z wielu element\u00f3w \u015brodowiska. Dzia\u0142alno\u015b\u0107 cz\u0142owieka ma bezpo\u015bredni wp\u0142yw na post\u0119puj\u0105ce ubo\u017cenie bior\u00f3\u017cnorodno\u015bci i szacuje si\u0119, \u017ce w najbli\u017cszych dekadach mo\u017ce [&hellip;]<\/p>\n\t<\/div>\n\n\t<!--\tThis outputs the post META information -->\n\t<div class=\"entry-utility\">\n\t\t\t\t\t<span class=\"cat-links\">\n\t\t\t\t<span class=\"entry-utility-prep entry-utility-prep-cat-links\">Posted in<\/span> <a href=\"https:\/\/fleschmazowsza.com.pl\/?cat=1\" rel=\"category\">Bez Kategorii<\/a>, <a href=\"https:\/\/fleschmazowsza.com.pl\/?cat=9\" rel=\"category\">Edukacja<\/a>\t\t\t<\/span>\n\t\t\t<span class=\"meta-sep\">|<\/span>\n\t\t\t\t\t\t<span class=\"comments-link\">\n\t\t\t<a href=\"https:\/\/fleschmazowsza.com.pl\/?p=4498#respond\">Leave a comment<\/a>\t\t<\/span>\n\t\t\t<\/div>\n<\/div>\n<!-- \/\/ Post Wrap End -->\n\n<!-- NOTE: If you need to make changes to this file, copy it to your current theme's main\n\tdirectory so your changes won't be overwritten when the plugin is upgraded. -->\n\n<!-- Post Wrap Start-->\n<div class=\"post hentry ivycat-post\">\n\n\t<!-- \tThis outputs the post TITLE -->\n\t<h2 class=\"entry-title\"><a href=\"https:\/\/fleschmazowsza.com.pl\/?p=4453\">\u201eStrefa Odkrywania, Wyobra\u017ani i Aktywno\u015bci \u2013 SOWA\u201d w Pruszkowie<\/a><\/h2>\n\n\t<!-- \tThis outputs the post EXCERPT.  To display full content including images and html,\n\t\treplace the_excerpt(); with the_content();  below. -->\n\t<div class=\"entry-summary\">\n\t\t<p>Centrum Nauki Kopernik od pocz\u0105tku istnienia promuje ide\u0119 uczenia si\u0119 opart\u0105 na samodzielnym poszukiwaniu i odkrywaniu \u2013 eksperymentowaniu. Metoda ta umo\u017cliwia poszerzenie wiedzy, a tak\u017ce wspiera rozw\u00f3j kompetencji przysz\u0142o\u015bci, inspiruje, sk\u0142ania do\u00a0wsp\u00f3\u0142pracy, rozbudza ciekawo\u015b\u0107, kreatywno\u015b\u0107 i poczucie sprawczo\u015bci. W CNK stwarzane s\u0105 warunki do&nbsp;tak rozumianego uczenia si\u0119, m.in. poprzez: rozwi\u0105zywanie zada\u0144 konstrukcyjnych i logicznych (Majsternia), [&hellip;]<\/p>\n\t<\/div>\n\n\t<!--\tThis outputs the post META information -->\n\t<div class=\"entry-utility\">\n\t\t\t\t\t<span class=\"cat-links\">\n\t\t\t\t<span class=\"entry-utility-prep entry-utility-prep-cat-links\">Posted in<\/span> <a href=\"https:\/\/fleschmazowsza.com.pl\/?cat=9\" rel=\"category\">Edukacja<\/a>, <a href=\"https:\/\/fleschmazowsza.com.pl\/?cat=5\" rel=\"category\">Wiadomo\u015bci<\/a>\t\t\t<\/span>\n\t\t\t<span class=\"meta-sep\">|<\/span>\n\t\t\t\t\t\t<span class=\"comments-link\">\n\t\t\t<a href=\"https:\/\/fleschmazowsza.com.pl\/?p=4453#respond\">Leave a comment<\/a>\t\t<\/span>\n\t\t\t<\/div>\n<\/div>\n<!-- \/\/ Post Wrap End -->\n\n<!-- NOTE: If you need to make changes to this file, copy it to your current theme's main\n\tdirectory so your changes won't be overwritten when the plugin is upgraded. -->\n\n<!-- Post Wrap Start-->\n<div class=\"post hentry ivycat-post\">\n\n\t<!-- \tThis outputs the post TITLE -->\n\t<h2 class=\"entry-title\"><a href=\"https:\/\/fleschmazowsza.com.pl\/?p=4412\">Rodzice deklaruj\u0105, \u017ce wydadz\u0105 wi\u0119cej na tegoroczn\u0105 wyprawk\u0119 szkoln\u0105<\/a><\/h2>\n\n\t<!-- \tThis outputs the post EXCERPT.  To display full content including images and html,\n\t\treplace the_excerpt(); with the_content();  below. -->\n\t<div class=\"entry-summary\">\n\t\t<p>Wi\u0119kszo\u015b\u0107 Polak\u00f3w nie zamierza oszcz\u0119dza\u0107 na tegorocznej wyprawce szkolnej. Jak wynika z najnowszego badania SW Research na zlecenie Empiku, ponad 60% rodzic\u00f3w spodziewa si\u0119 wyda\u0107 na zakupy wi\u0119cej ni\u017c rok temu. Co druga osoba planuje przeznaczy\u0107 na wyprawk\u0119 ponad 500 z\u0142. Opiekunowie przygotowuj\u0105 si\u0119 jednak na r\u00f3\u017cne scenariusze. Obok zakupu artyku\u0142\u00f3w szkolnych i papierniczych wa\u017cna [&hellip;]<\/p>\n\t<\/div>\n\n\t<!--\tThis outputs the post META information -->\n\t<div class=\"entry-utility\">\n\t\t\t\t\t<span class=\"cat-links\">\n\t\t\t\t<span class=\"entry-utility-prep entry-utility-prep-cat-links\">Posted in<\/span> <a href=\"https:\/\/fleschmazowsza.com.pl\/?cat=9\" rel=\"category\">Edukacja<\/a>\t\t\t<\/span>\n\t\t\t<span class=\"meta-sep\">|<\/span>\n\t\t\t\t\t\t<span class=\"comments-link\">\n\t\t\t<a href=\"https:\/\/fleschmazowsza.com.pl\/?p=4412#respond\">Leave a comment<\/a>\t\t<\/span>\n\t\t\t<\/div>\n<\/div>\n<!-- \/\/ Post Wrap End -->\n\n","protected":false},"excerpt":{"rendered":"","protected":false},"author":1,"featured_media":0,"parent":0,"menu_order":0,"comment_status":"closed","ping_status":"closed","template":"","meta":{"footnotes":""},"class_list":["post-13","page","type-page","status-publish","hentry"],"_links":{"self":[{"href":"https:\/\/fleschmazowsza.com.pl\/index.php?rest_route=\/wp\/v2\/pages\/13","targetHints":{"allow":["GET"]}}],"collection":[{"href":"https:\/\/fleschmazowsza.com.pl\/index.php?rest_route=\/wp\/v2\/pages"}],"about":[{"href":"https:\/\/fleschmazowsza.com.pl\/index.php?rest_route=\/wp\/v2\/types\/page"}],"author":[{"embeddable":true,"href":"https:\/\/fleschmazowsza.com.pl\/index.php?rest_route=\/wp\/v2\/users\/1"}],"replies":[{"embeddable":true,"href":"https:\/\/fleschmazowsza.com.pl\/index.php?rest_route=%2Fwp%2Fv2%2Fcomments&post=13"}],"version-history":[{"count":2,"href":"https:\/\/fleschmazowsza.com.pl\/index.php?rest_route=\/wp\/v2\/pages\/13\/revisions"}],"predecessor-version":[{"id":207,"href":"https:\/\/fleschmazowsza.com.pl\/index.php?rest_route=\/wp\/v2\/pages\/13\/revisions\/207"}],"wp:attachment":[{"href":"https:\/\/fleschmazowsza.com.pl\/index.php?rest_route=%2Fwp%2Fv2%2Fmedia&parent=13"}],"curies":[{"name":"wp","href":"https:\/\/api.w.org\/{rel}","templated":true}]}}