{"id":11,"date":"2016-09-22T11:30:09","date_gmt":"2016-09-22T11:30:09","guid":{"rendered":"http:\/\/prom.home.pl\/autoinstalator\/wordpress3\/?page_id=11"},"modified":"2016-10-20T14:58:18","modified_gmt":"2016-10-20T13:58:18","slug":"roznosci","status":"publish","type":"page","link":"https:\/\/fleschmazowsza.com.pl\/?page_id=11","title":{"rendered":"R\u00f3\u017cno\u015bci"},"content":{"rendered":"\n<!-- NOTE: If you need to make changes to this file, copy it to your current theme's main\n\tdirectory so your changes won't be overwritten when the plugin is upgraded. -->\n\n<!-- Post Wrap Start-->\n<div class=\"post hentry ivycat-post\">\n\n\t<!-- \tThis outputs the post TITLE -->\n\t<h2 class=\"entry-title\"><a href=\"https:\/\/fleschmazowsza.com.pl\/?p=5276\">Wniosek o 800 plus warto z\u0142o\u017cy\u0107 do ko\u0144ca czerwca<\/a><\/h2>\n\n\t<!-- \tThis outputs the post EXCERPT.  To display full content including images and html,\n\t\treplace the_excerpt(); with the_content();  below. -->\n\t<div class=\"entry-summary\">\n\t\t<p>Wniosek o \u015bwiadczenie 800 plus na nowy okres \u015bwiadczeniowy warto z\u0142o\u017cy\u0107 jeszcze w czerwcu. Dzi\u0119ki temu wyp\u0142aty mo\u017cna si\u0119 spodziewa\u0107 najp\u00f3\u017aniej do ko\u0144ca sierpnia z wyr\u00f3wnaniem za czerwiec i lipiec. Ju\u017c od 1 lutego rodzice i opiekunowie sk\u0142adaj\u0105 wnioski o 800 plus na okres \u015bwiadczeniowy, kt\u00f3ry rozpocz\u0105\u0142 si\u0119 1 czerwca br. i potrwa do 31 [&hellip;]<\/p>\n\t<\/div>\n\n\t<!--\tThis outputs the post META information -->\n\t<div class=\"entry-utility\">\n\t\t\t\t\t<span class=\"cat-links\">\n\t\t\t\t<span class=\"entry-utility-prep entry-utility-prep-cat-links\">Posted in<\/span> <a href=\"https:\/\/fleschmazowsza.com.pl\/?cat=8\" rel=\"category\">R\u00f3\u017cno\u015bci<\/a>\t\t\t<\/span>\n\t\t\t<span class=\"meta-sep\">|<\/span>\n\t\t\t\t\t\t<span class=\"comments-link\">\n\t\t\t<a href=\"https:\/\/fleschmazowsza.com.pl\/?p=5276#respond\">Leave a comment<\/a>\t\t<\/span>\n\t\t\t<\/div>\n<\/div>\n<!-- \/\/ Post Wrap End -->\n\n<!-- NOTE: If you need to make changes to this file, copy it to your current theme's main\n\tdirectory so your changes won't be overwritten when the plugin is upgraded. -->\n\n<!-- Post Wrap Start-->\n<div class=\"post hentry ivycat-post\">\n\n\t<!-- \tThis outputs the post TITLE -->\n\t<h2 class=\"entry-title\"><a href=\"https:\/\/fleschmazowsza.com.pl\/?p=5213\">Od marca wcze\u015bniejsi emeryci i renci\u015bci mog\u0105 zarobi\u0107 wi\u0119cej<\/a><\/h2>\n\n\t<!-- \tThis outputs the post EXCERPT.  To display full content including images and html,\n\t\treplace the_excerpt(); with the_content();  below. -->\n\t<div class=\"entry-summary\">\n\t\t<p>1 marca zmieni\u0142y si\u0119 graniczne kwoty przychodu dla pracuj\u0105cych rencist\u00f3w i emeryt\u00f3w, kt\u00f3rzy nie uko\u0144czyli powszechnego wieku emerytalnego (60 lat kobieta\/65 lat m\u0119\u017cczyzna). B\u0119d\u0105 wy\u017csze, dzi\u0119ki czemu seniorzy b\u0119d\u0105 mogli wi\u0119cej dorobi\u0107 do swoich \u015bwiadcze\u0144 o ponad 240 z\u0142. Osoby, kt\u00f3re pobieraj\u0105 wcze\u015bniejsz\u0105 emerytur\u0119, czy rent\u0119 podejmuj\u0105c lub kontynuuj\u0105c zatrudnienie, musz\u0105 pami\u0119ta\u0107 o tym, \u017ce [&hellip;]<\/p>\n\t<\/div>\n\n\t<!--\tThis outputs the post META information -->\n\t<div class=\"entry-utility\">\n\t\t\t\t\t<span class=\"cat-links\">\n\t\t\t\t<span class=\"entry-utility-prep entry-utility-prep-cat-links\">Posted in<\/span> <a href=\"https:\/\/fleschmazowsza.com.pl\/?cat=8\" rel=\"category\">R\u00f3\u017cno\u015bci<\/a>\t\t\t<\/span>\n\t\t\t<span class=\"meta-sep\">|<\/span>\n\t\t\t\t\t\t<span class=\"comments-link\">\n\t\t\t<a href=\"https:\/\/fleschmazowsza.com.pl\/?p=5213#respond\">Leave a comment<\/a>\t\t<\/span>\n\t\t\t<\/div>\n<\/div>\n<!-- \/\/ Post Wrap End -->\n\n<!-- NOTE: If you need to make changes to this file, copy it to your current theme's main\n\tdirectory so your changes won't be overwritten when the plugin is upgraded. -->\n\n<!-- Post Wrap Start-->\n<div class=\"post hentry ivycat-post\">\n\n\t<!-- \tThis outputs the post TITLE -->\n\t<h2 class=\"entry-title\"><a href=\"https:\/\/fleschmazowsza.com.pl\/?p=5156\">Czy ceny u\u017cywanych aut stale rosn\u0105?<\/a><\/h2>\n\n\t<!-- \tThis outputs the post EXCERPT.  To display full content including images and html,\n\t\treplace the_excerpt(); with the_content();  below. -->\n\t<div class=\"entry-summary\">\n\t\t<p>Zbli\u017ca si\u0119 koniec roku, czyli czas na zmiany &#8211; r\u00f3wnie\u017c dla u\u017cytkownik\u00f3w \u015bwiata motoryzacji. Ceny paliw spadaj\u0105, preferencje konsument\u00f3w obieraj\u0105 inny kierunek, a oferty dro\u017cej\u0105. A\u017c 27% wci\u0105\u017c stanowi\u0105 og\u0142oszenia w przedziale cenowym 25-50 tys. z\u0142, natomiast wy\u017cszych warto\u015bci pojawia si\u0119 coraz wi\u0119cej. Eksperci autobaza.pl podsumowuj\u0105 trzeci kwarta\u0142 2023 roku i przewiduj\u0105 nast\u0119pny. Wed\u0142ug danych [&hellip;]<\/p>\n\t<\/div>\n\n\t<!--\tThis outputs the post META information -->\n\t<div class=\"entry-utility\">\n\t\t\t\t\t<span class=\"cat-links\">\n\t\t\t\t<span class=\"entry-utility-prep entry-utility-prep-cat-links\">Posted in<\/span> <a href=\"https:\/\/fleschmazowsza.com.pl\/?cat=8\" rel=\"category\">R\u00f3\u017cno\u015bci<\/a>\t\t\t<\/span>\n\t\t\t<span class=\"meta-sep\">|<\/span>\n\t\t\t\t\t\t<span class=\"comments-link\">\n\t\t\t<a href=\"https:\/\/fleschmazowsza.com.pl\/?p=5156#respond\">Leave a comment<\/a>\t\t<\/span>\n\t\t\t<\/div>\n<\/div>\n<!-- \/\/ Post Wrap End -->\n\n<!-- NOTE: If you need to make changes to this file, copy it to your current theme's main\n\tdirectory so your changes won't be overwritten when the plugin is upgraded. -->\n\n<!-- Post Wrap Start-->\n<div class=\"post hentry ivycat-post\">\n\n\t<!-- \tThis outputs the post TITLE -->\n\t<h2 class=\"entry-title\"><a href=\"https:\/\/fleschmazowsza.com.pl\/?p=5137\">Zwiedzaj Warszaw\u0119 i Mazowsze z Mazobiletem!<\/a><\/h2>\n\n\t<!-- \tThis outputs the post EXCERPT.  To display full content including images and html,\n\t\treplace the_excerpt(); with the_content();  below. -->\n\t<div class=\"entry-summary\">\n\t\t<p>Weekendowe podr\u00f3\u017ce po Mazowszu i Warszawie z jednym biletem ju\u017c mo\u017cliwe! Z Mazobiletem w weekendy mo\u017cna bez ogranicze\u0144 podr\u00f3\u017cowa\u0107 po stolicy metrem, tramwajami i autobusami, a poza Warszaw\u0105 \u2013 poci\u0105gami KM, SKM i WKD. W\u0142adze Mazowsza i Warszawy podpisa\u0142y porozumienie w tej sprawie. Oferta b\u0119dzie obowi\u0105zywa\u0107 w ka\u017cdy weekend od pi\u0105tku od godz. 19 do [&hellip;]<\/p>\n\t<\/div>\n\n\t<!--\tThis outputs the post META information -->\n\t<div class=\"entry-utility\">\n\t\t\t\t\t<span class=\"cat-links\">\n\t\t\t\t<span class=\"entry-utility-prep entry-utility-prep-cat-links\">Posted in<\/span> <a href=\"https:\/\/fleschmazowsza.com.pl\/?cat=8\" rel=\"category\">R\u00f3\u017cno\u015bci<\/a>\t\t\t<\/span>\n\t\t\t<span class=\"meta-sep\">|<\/span>\n\t\t\t\t\t\t<span class=\"comments-link\">\n\t\t\t<a href=\"https:\/\/fleschmazowsza.com.pl\/?p=5137#respond\">Leave a comment<\/a>\t\t<\/span>\n\t\t\t<\/div>\n<\/div>\n<!-- \/\/ Post Wrap End -->\n\n<!-- NOTE: If you need to make changes to this file, copy it to your current theme's main\n\tdirectory so your changes won't be overwritten when the plugin is upgraded. -->\n\n<!-- Post Wrap Start-->\n<div class=\"post hentry ivycat-post\">\n\n\t<!-- \tThis outputs the post TITLE -->\n\t<h2 class=\"entry-title\"><a href=\"https:\/\/fleschmazowsza.com.pl\/?p=5121\">Wakacje z WOT w 6MBOT<\/a><\/h2>\n\n\t<!-- \tThis outputs the post EXCERPT.  To display full content including images and html,\n\t\treplace the_excerpt(); with the_content();  below. -->\n\t<div class=\"entry-summary\">\n\t\t<p>Ju\u017c 1 lipca tego roku startuje kolejne szkolenie dla ochotnik\u00f3w w ramach akcji &#8222;Wakacje z WOT&#8221;. To ostatni dzwonek, aby ochotnik zg\u0142osi\u0142 si\u0119 do WCRu odpowiedniego dla miejsca zameldowania i dope\u0142ni\u0142 formalno\u015bci. Zr\u00f3b to dla siebie i swoich najbli\u017cszych &nbsp;&nbsp; Chcesz pozna\u0107 budow\u0119 broni i nauczy\u0107 si\u0119 strzela\u0107? Zastanawiasz si\u0119 jak porusza\u0107 si\u0119 i prze\u017cy\u0107 [&hellip;]<\/p>\n\t<\/div>\n\n\t<!--\tThis outputs the post META information -->\n\t<div class=\"entry-utility\">\n\t\t\t\t\t<span class=\"cat-links\">\n\t\t\t\t<span class=\"entry-utility-prep entry-utility-prep-cat-links\">Posted in<\/span> <a href=\"https:\/\/fleschmazowsza.com.pl\/?cat=8\" rel=\"category\">R\u00f3\u017cno\u015bci<\/a>\t\t\t<\/span>\n\t\t\t<span class=\"meta-sep\">|<\/span>\n\t\t\t\t\t\t<span class=\"comments-link\">\n\t\t\t<a href=\"https:\/\/fleschmazowsza.com.pl\/?p=5121#respond\">Leave a comment<\/a>\t\t<\/span>\n\t\t\t<\/div>\n<\/div>\n<!-- \/\/ Post Wrap End -->\n\n<!-- NOTE: If you need to make changes to this file, copy it to your current theme's main\n\tdirectory so your changes won't be overwritten when the plugin is upgraded. -->\n\n<!-- Post Wrap Start-->\n<div class=\"post hentry ivycat-post\">\n\n\t<!-- \tThis outputs the post TITLE -->\n\t<h2 class=\"entry-title\"><a href=\"https:\/\/fleschmazowsza.com.pl\/?p=5115\">Drzewo Roku 2023 \u2013 g\u0142osowanie rozpocz\u0119te<\/a><\/h2>\n\n\t<!-- \tThis outputs the post EXCERPT.  To display full content including images and html,\n\t\treplace the_excerpt(); with the_content();  below. -->\n\t<div class=\"entry-summary\">\n\t\t<p>Od 1 do 30 czerwca trwa g\u0142osowanie na Drzewo Roku 2023. W\u015br\u00f3d 16 finalist\u00f3w konkursu znalaz\u0142 si\u0119 d\u0105b Brwinos\u0142aw \u2013 najstarsze drzewo na terenie gminy Brwin\u00f3w. Na stronie internetowej https:\/\/drzeworoku.pl\/ mo\u017cna oddawa\u0107 g\u0142osy na d\u0105b Brwinos\u0142aw.Do tegorocznej edycji konkursu Drzewo Roku zosta\u0142o zg\u0142oszonych ponad 40 drzew z ca\u0142ej Polski. W pierwszym etapie konkursu jury z\u0142o\u017cone [&hellip;]<\/p>\n\t<\/div>\n\n\t<!--\tThis outputs the post META information -->\n\t<div class=\"entry-utility\">\n\t\t\t\t\t<span class=\"cat-links\">\n\t\t\t\t<span class=\"entry-utility-prep entry-utility-prep-cat-links\">Posted in<\/span> <a href=\"https:\/\/fleschmazowsza.com.pl\/?cat=8\" rel=\"category\">R\u00f3\u017cno\u015bci<\/a>\t\t\t<\/span>\n\t\t\t<span class=\"meta-sep\">|<\/span>\n\t\t\t\t\t\t<span class=\"comments-link\">\n\t\t\t<a href=\"https:\/\/fleschmazowsza.com.pl\/?p=5115#respond\">Leave a comment<\/a>\t\t<\/span>\n\t\t\t<\/div>\n<\/div>\n<!-- \/\/ Post Wrap End -->\n\n<!-- NOTE: If you need to make changes to this file, copy it to your current theme's main\n\tdirectory so your changes won't be overwritten when the plugin is upgraded. -->\n\n<!-- Post Wrap Start-->\n<div class=\"post hentry ivycat-post\">\n\n\t<!-- \tThis outputs the post TITLE -->\n\t<h2 class=\"entry-title\"><a href=\"https:\/\/fleschmazowsza.com.pl\/?p=5098\">Samouk, kt\u00f3ry marzy o podr\u00f3\u017cach<\/a><\/h2>\n\n\t<!-- \tThis outputs the post EXCERPT.  To display full content including images and html,\n\t\treplace the_excerpt(); with the_content();  below. -->\n\t<div class=\"entry-summary\">\n\t\t<p>W maju zako\u0144czy\u0142a si\u0119 8. edycja programu MasterChef Junior emitowanego w TVN. Zwyci\u0119zc\u0105 jest m\u0142ody mieszkaniec Milan\u00f3wka \u2013 Ignacy Jab\u0142o\u0144ski. Aktualnie wyda\u0142 ksi\u0105\u017ck\u0119 kulinarn\u0105, kt\u00f3r\u0105 od 17 maja mo\u017cemy znale\u017a\u0107 w ksi\u0119garniach. Do Ignacego trafi\u0142a nagroda g\u0142\u00f3wna w wysoko\u015bci 15 000 z\u0142, nagroda specjalna w wysoko\u015bci 35 000 z\u0142 oraz statuetka. M\u0142ody kucharz pokona\u0142 konkurent\u00f3w [&hellip;]<\/p>\n\t<\/div>\n\n\t<!--\tThis outputs the post META information -->\n\t<div class=\"entry-utility\">\n\t\t\t\t\t<span class=\"cat-links\">\n\t\t\t\t<span class=\"entry-utility-prep entry-utility-prep-cat-links\">Posted in<\/span> <a href=\"https:\/\/fleschmazowsza.com.pl\/?cat=8\" rel=\"category\">R\u00f3\u017cno\u015bci<\/a>\t\t\t<\/span>\n\t\t\t<span class=\"meta-sep\">|<\/span>\n\t\t\t\t\t\t<span class=\"comments-link\">\n\t\t\t<a href=\"https:\/\/fleschmazowsza.com.pl\/?p=5098#respond\">Leave a comment<\/a>\t\t<\/span>\n\t\t\t<\/div>\n<\/div>\n<!-- \/\/ Post Wrap End -->\n\n<!-- NOTE: If you need to make changes to this file, copy it to your current theme's main\n\tdirectory so your changes won't be overwritten when the plugin is upgraded. -->\n\n<!-- Post Wrap Start-->\n<div class=\"post hentry ivycat-post\">\n\n\t<!-- \tThis outputs the post TITLE -->\n\t<h2 class=\"entry-title\"><a href=\"https:\/\/fleschmazowsza.com.pl\/?p=5085\">Podr\u00f3bki warte miliony. KAS przej\u0119\u0142a ponad 3,5 tys. szt. podrobionej bi\u017cuterii<\/a><\/h2>\n\n\t<!-- \tThis outputs the post EXCERPT.  To display full content including images and html,\n\t\treplace the_excerpt(); with the_content();  below. -->\n\t<div class=\"entry-summary\">\n\t\t<p>Ponad 3,5 tys. sztuk podrobionej bi\u017cuterii z zastrze\u017conymi znakami towarowymi przej\u0119\u0142a mazowiecka Krajowa Administracja Skarbowa (KAS). Nielegalny towar by\u0142 sprzedawany w Centrum Handlowym w W\u00f3lce Kosowskiej. Szacunkowe straty w\u0142a\u015bcicieli podrobionych znak\u00f3w towarowych to ponad 4,2 mln z\u0142. Bi\u017cuteria oznaczona zastrze\u017conymi znakami towarowymi znanych firm, by\u0142a w jednym z boks\u00f3w handlowych oraz magazynie sp\u00f3\u0142ki, do kt\u00f3rej [&hellip;]<\/p>\n\t<\/div>\n\n\t<!--\tThis outputs the post META information -->\n\t<div class=\"entry-utility\">\n\t\t\t\t\t<span class=\"cat-links\">\n\t\t\t\t<span class=\"entry-utility-prep entry-utility-prep-cat-links\">Posted in<\/span> <a href=\"https:\/\/fleschmazowsza.com.pl\/?cat=8\" rel=\"category\">R\u00f3\u017cno\u015bci<\/a>\t\t\t<\/span>\n\t\t\t<span class=\"meta-sep\">|<\/span>\n\t\t\t\t\t\t<span class=\"comments-link\">\n\t\t\t<a href=\"https:\/\/fleschmazowsza.com.pl\/?p=5085#respond\">Leave a comment<\/a>\t\t<\/span>\n\t\t\t<\/div>\n<\/div>\n<!-- \/\/ Post Wrap End -->\n\n<!-- NOTE: If you need to make changes to this file, copy it to your current theme's main\n\tdirectory so your changes won't be overwritten when the plugin is upgraded. -->\n\n<!-- Post Wrap Start-->\n<div class=\"post hentry ivycat-post\">\n\n\t<!-- \tThis outputs the post TITLE -->\n\t<h2 class=\"entry-title\"><a href=\"https:\/\/fleschmazowsza.com.pl\/?p=5054\">Mazowsze pomaga bezdomnym zwierz\u0119tom<\/a><\/h2>\n\n\t<!-- \tThis outputs the post EXCERPT.  To display full content including images and html,\n\t\treplace the_excerpt(); with the_content();  below. -->\n\t<div class=\"entry-summary\">\n\t\t<p>Na terenie Mazowsza dzia\u0142aj\u0105 23 schroniska dla zwierz\u0105t, gdzie psy i koty oczekuj\u0105 na nowy dom po swojej cz\u0119sto burzliwej i przykrej przesz\u0142o\u015bci. Porzucone i bezdomne zwierz\u0119ta znajduj\u0105 tam opiek\u0119 oraz trosk\u0119. W tym roku ze wsparciem dla zwierz\u0105t ruszy\u0142 samorz\u0105d wojew\u00f3dztwa mazowieckiego. \u2013 Bezdomne psy i koty mog\u0105 liczy\u0107 na nasz\u0105 pomoc \u2013 zaznacza [&hellip;]<\/p>\n\t<\/div>\n\n\t<!--\tThis outputs the post META information -->\n\t<div class=\"entry-utility\">\n\t\t\t\t\t<span class=\"cat-links\">\n\t\t\t\t<span class=\"entry-utility-prep entry-utility-prep-cat-links\">Posted in<\/span> <a href=\"https:\/\/fleschmazowsza.com.pl\/?cat=8\" rel=\"category\">R\u00f3\u017cno\u015bci<\/a>\t\t\t<\/span>\n\t\t\t<span class=\"meta-sep\">|<\/span>\n\t\t\t\t\t\t<span class=\"comments-link\">\n\t\t\t<a href=\"https:\/\/fleschmazowsza.com.pl\/?p=5054#respond\">Leave a comment<\/a>\t\t<\/span>\n\t\t\t<\/div>\n<\/div>\n<!-- \/\/ Post Wrap End -->\n\n<!-- NOTE: If you need to make changes to this file, copy it to your current theme's main\n\tdirectory so your changes won't be overwritten when the plugin is upgraded. -->\n\n<!-- Post Wrap Start-->\n<div class=\"post hentry ivycat-post\">\n\n\t<!-- \tThis outputs the post TITLE -->\n\t<h2 class=\"entry-title\"><a href=\"https:\/\/fleschmazowsza.com.pl\/?p=5026\">Wesprzyj potrzebuj\u0105cych mieszka\u0144c\u00f3w<\/a><\/h2>\n\n\t<!-- \tThis outputs the post EXCERPT.  To display full content including images and html,\n\t\treplace the_excerpt(); with the_content();  below. -->\n\t<div class=\"entry-summary\">\n\t\t<p>Pod koniec lutego w Milan\u00f3wku wybuch\u0142 po\u017car, kt\u00f3ry strawi\u0142 parter i poddasze domu mieszkalnego. Mieszka\u0144com uda\u0142o si\u0119 uciec z p\u0142on\u0105cego budynku. -Po\u017car wybuch\u0142 w domu jednorodzinnym. Nadpaleniu uleg\u0142 r\u00f3wnie\u017c zaparkowany obok budynku samoch\u00f3d. Na miejscu dzia\u0142a\u0142o kilka zast\u0119p\u00f3w stra\u017cy po\u017carnej \u2013 przekaza\u0142 reporter tvnwarszawa.pl Tomasz Zieli\u0144ski. Zdarzenie mia\u0142o miejsce przy ul. Makowej chwil\u0119 przed po\u0142udniem. [&hellip;]<\/p>\n\t<\/div>\n\n\t<!--\tThis outputs the post META information -->\n\t<div class=\"entry-utility\">\n\t\t\t\t\t<span class=\"cat-links\">\n\t\t\t\t<span class=\"entry-utility-prep entry-utility-prep-cat-links\">Posted in<\/span> <a href=\"https:\/\/fleschmazowsza.com.pl\/?cat=8\" rel=\"category\">R\u00f3\u017cno\u015bci<\/a>\t\t\t<\/span>\n\t\t\t<span class=\"meta-sep\">|<\/span>\n\t\t\t\t\t\t<span class=\"comments-link\">\n\t\t\t<a href=\"https:\/\/fleschmazowsza.com.pl\/?p=5026#respond\">Leave a comment<\/a>\t\t<\/span>\n\t\t\t<\/div>\n<\/div>\n<!-- \/\/ Post Wrap End -->\n\n","protected":false},"excerpt":{"rendered":"","protected":false},"author":1,"featured_media":0,"parent":0,"menu_order":0,"comment_status":"closed","ping_status":"closed","template":"","meta":{"footnotes":""},"class_list":["post-11","page","type-page","status-publish","hentry"],"_links":{"self":[{"href":"https:\/\/fleschmazowsza.com.pl\/index.php?rest_route=\/wp\/v2\/pages\/11","targetHints":{"allow":["GET"]}}],"collection":[{"href":"https:\/\/fleschmazowsza.com.pl\/index.php?rest_route=\/wp\/v2\/pages"}],"about":[{"href":"https:\/\/fleschmazowsza.com.pl\/index.php?rest_route=\/wp\/v2\/types\/page"}],"author":[{"embeddable":true,"href":"https:\/\/fleschmazowsza.com.pl\/index.php?rest_route=\/wp\/v2\/users\/1"}],"replies":[{"embeddable":true,"href":"https:\/\/fleschmazowsza.com.pl\/index.php?rest_route=%2Fwp%2Fv2%2Fcomments&post=11"}],"version-history":[{"count":2,"href":"https:\/\/fleschmazowsza.com.pl\/index.php?rest_route=\/wp\/v2\/pages\/11\/revisions"}],"predecessor-version":[{"id":206,"href":"https:\/\/fleschmazowsza.com.pl\/index.php?rest_route=\/wp\/v2\/pages\/11\/revisions\/206"}],"wp:attachment":[{"href":"https:\/\/fleschmazowsza.com.pl\/index.php?rest_route=%2Fwp%2Fv2%2Fmedia&parent=11"}],"curies":[{"name":"wp","href":"https:\/\/api.w.org\/{rel}","templated":true}]}}